{"id":166380,"date":"2026-09-05T17:20:59","date_gmt":"2026-09-05T20:20:59","guid":{"rendered":"https:\/\/grandepremio.com\/br\/?post_type=42wp_gallery&#038;p=166380"},"modified":"2026-09-05T17:22:50","modified_gmt":"2026-09-05T20:22:50","slug":"duelo-com-ferrari-e-top-10-no-grid-como-foi-classificacao-de-bortoleto-no-gp-da-italia","status":"publish","type":"42wp_gallery","link":"https:\/\/grandepremio.com\/br\/galerias\/f1\/duelo-com-ferrari-e-top-10-no-grid-como-foi-classificacao-de-bortoleto-no-gp-da-italia\/","title":{"rendered":"Duelo com Ferrari e top-10 no grid: como foi classifica\u00e7\u00e3o de Bortoleto no GP da It\u00e1lia"},"content":{"rendered":"","protected":false},"excerpt":{"rendered":"<p>Gabriel Bortoleto foi eliminado no Q2 por apenas 0s001, mas recebeu a chance de largar na d\u00e9cima posi\u00e7\u00e3o devido \u00e0 puni\u00e7\u00e3o de Andrea Kimi Antonelli<\/p>\n","protected":false},"author":19,"featured_media":1020313755,"template":"","meta":{"42wp_featured_image_caption":"Gabriel Bortoleto","42wp_featured_image_credits":"Audi","42wp_featured_video":"","42wp_featured_image_hidden":false,"42wp_authors_list":[{"id":47160,"location":"de Colatina"}],"42wp_galeria_metabox":[{"img":1020313909,"legenda":"Embora n\u00e3o tenha conseguido avan\u00e7ar para o Q3 da classifica\u00e7\u00e3o deste s\u00e1bado (5), na It\u00e1lia, Gabriel Bortoleto ficou satisfeito com o ritmo do carro da Audi","credito":"(Foto: Audi)"},{"img":1020314014,"legenda":"Isso porque, em uma pista que n\u00e3o combina em nada com o R26 devido aos longos trechos de reta, o brasileiro chegou muito perto de eliminar at\u00e9 mesmo uma das Ferrari","credito":"(Foto: Gabriel L\u00f3pez\/Grande Pr\u00eamio)"},{"img":1020313760,"legenda":"Ap\u00f3s avan\u00e7ar com certa tranquilidade pelo Q1, Bortoleto anotou 1min22s517 como melhor tempo no Q2, o suficiente para deix\u00e1-lo na 11\u00aa posi\u00e7\u00e3o \u2014 apenas 0s001 mais lento que Lewis Hamilton, d\u00e9cimo colocado nessa fase","credito":"(Foto: Audi)"},{"img":1020313757,"legenda":"No entanto, como Andrea Kimi Antonelli foi punido por causa das trocas de componentes da unidade de pot\u00eancia da Mercedes, o paulista saltou para o top-10 do grid de largada","credito":"(Foto: Audi)"},{"img":1020313905,"legenda":"\"Primeiro de tudo, acho que \u00e9 muito melhor do que a gente esperava para esse final de semana. A gente sabe que seria muito dif\u00edcil por causa das retas, ent\u00e3o s\u00f3 de estar t\u00e3o pr\u00f3ximo do Q3 e desafiar as duas Ferrari \u00e9 algo inacredit\u00e1vel\", come\u00e7ou Bortoleto","credito":"(Foto: Audi)"},{"img":1020313646,"legenda":"\"Estou frustrado, porque ficamos assim quando \u00e9 por um mil\u00e9simo. Principalmente na minha \u00faltima volta, dei uma traseirada na sa\u00edda da curva 8. Mas a gente estava no limite, essas coisas acontecem, foi uma boa volta no geral e passamos perto\", seguiu","credito":"(Foto: Audi)"},{"img":1020313758,"legenda":"\"O neg\u00f3cio \u00e9 tentar fazer uma boa largada amanh\u00e3, ser agressivo, fazer alguma coisa diferente para tentar se manter por ali e fazer a nossa pr\u00f3pria corrida. Se a gente conseguir fazer uma corrida solit\u00e1ria, \u00e9 o melhor para a gente, sendo bem sincero\", encerrou","credito":"(Foto: Audi)"},{"img":1020313756,"legenda":"Diretor da Audi, Allan McNish reconheceu o esfor\u00e7o do brasileiro. \"No geral, acho que extra\u00edmos o m\u00e1ximo do carro hoje. \u00c9 claro que \u00e9 um pouco frustrante ficar de fora do Q3 por apenas 0s001 , mas j\u00e1 sab\u00edamos, ao chegar a Monza, que provavelmente seria um fim de semana mais desafiador para n\u00f3s\", declarou","credito":"(Foto: Audi)"},{"img":1020313755,"legenda":"O GRANDE PR\u00caMIO acompanha todas as atividades do GP da It\u00e1lia, 13\u00aa etapa da temporada 2026, AO VIVO E EM TEMPO REAL, al\u00e9m de classifica\u00e7\u00e3o e corrida em SEGUNDA TELA no YouTube, em parceria com a Voz do Esporte. O Briefing chega para analisar ap\u00f3s o fim de cada dia de atividades nas redes sociais e na GPTV","credito":"(Foto: Audi)"}],"42wp_gallery_images":[]},"categories":[2],"tags":[970,350],"42wp_author":[47160],"class_list":["post-166380","42wp_gallery","type-42wp_gallery","status-publish","has-post-thumbnail","hentry","category-f1","tag-audi","tag-gabriel-bortoleto","42wp_author-vicente-soella"],"_links":{"self":[{"href":"https:\/\/grandepremio.com\/br\/wp-json\/wp\/v2\/42wp_gallery\/166380","targetHints":{"allow":["GET"]}}],"collection":[{"href":"https:\/\/grandepremio.com\/br\/wp-json\/wp\/v2\/42wp_gallery"}],"about":[{"href":"https:\/\/grandepremio.com\/br\/wp-json\/wp\/v2\/types\/42wp_gallery"}],"author":[{"embeddable":true,"href":"https:\/\/grandepremio.com\/br\/wp-json\/wp\/v2\/users\/19"}],"wp:featuredmedia":[{"embeddable":true,"href":"https:\/\/grandepremio.com\/br\/wp-json\/wp\/v2\/media\/1020313755"}],"wp:attachment":[{"href":"https:\/\/grandepremio.com\/br\/wp-json\/wp\/v2\/media?parent=166380"}],"wp:term":[{"taxonomy":"category","embeddable":true,"href":"https:\/\/grandepremio.com\/br\/wp-json\/wp\/v2\/categories?post=166380"},{"taxonomy":"post_tag","embeddable":true,"href":"https:\/\/grandepremio.com\/br\/wp-json\/wp\/v2\/tags?post=166380"},{"taxonomy":"42wp_author","embeddable":true,"href":"https:\/\/grandepremio.com\/br\/wp-json\/wp\/v2\/42wp_author?post=166380"}],"curies":[{"name":"wp","href":"https:\/\/api.w.org\/{rel}","templated":true}]}}