{"id":129818,"date":"2026-06-17T18:21:37","date_gmt":"2026-06-17T21:21:37","guid":{"rendered":"https:\/\/grandepremio.com\/br\/?post_type=42wp_homepage&#038;p=129818"},"modified":"2026-08-27T10:51:47","modified_gmt":"2026-08-27T13:51:47","slug":"formula-e","status":"publish","type":"42wp_homepage","link":"https:\/\/grandepremio.com\/br\/formula-e\/","title":{"rendered":"F\u00f3rmula E no Grande Pr\u00eamio BR"},"content":{"rendered":"<div\n        style=\"background-image: url(https:\/\/grandepremio.com\/br\/wp-content\/client-mu-plugins\/42-framework\/src\/plugin-blocks\/assets\/img\/ads-bg.webp)\"\n        class=\"fortytwo-ads-bg fortytwo-ad-fullbleed overflow-x-hidden py-2 max-md:py-4 flex items-center justify-center wp-block-fortytwo-ads-section\">\n    <div\n        id=\"leaderboard-1\"\n        data-ad-format=\"leaderboard\"\n        class=\"flex items-center justify-center max-md:max-w-full min-h-62.5 overflow-hidden [&#038;_iframe]:max-w-full w-full md:max-w-312.5 md:min-h-62.5 mx-auto\"\n    ><\/div>\n<\/div>\n\n\n\n<div class=\"mt-8 md:mt-16 wp-block-grande-premio-content-section\">\n    <section>\n                    <div class=\"flex items-center justify-between mb-8\">\n                \n<h2    class=\"italic font-black uppercase mb-4 text-blue-900 text-3xl md:text-5xl\"\n>\n    <span\n        class=\"[paint-order:stroke_fill] text-white\"\n        style=\"-webkit-text-stroke: 5px var(--color-blue-900);\"\n    >\n        F\u00f3rmula    <\/span>\n    E<\/h2>\n            <\/div>\n        \n        <div class=\"grid grid-cols-1 md:grid-cols-2 gap-4 mb-2\">\n                            <a href=\"https:\/\/grandepremio.com\/br\/grandepremium\/formula-e\/materias\/pascal-wehrlein-2024-2026-raio-x-bicampeonato-formula-e\/\" class=\"block transition-opacity hover:opacity-70\">\n                    <div class=\"relative\">\n                        <div class=\"w-full aspect-video rounded-2xl overflow-hidden relative\">\n                            <img width=\"1024\" height=\"576\" src=\"https:\/\/grandepremio.com\/wp-content\/uploads\/2026\/08\/338809_1920x1080-1024x576.jpg\" class=\"absolute inset-0 w-full h-full object-cover\" alt=\"\" loading=\"lazy\" decoding=\"async\" sizes=\"(max-width: 768px) 100vw, (max-width: 1280px) 50vw, 610px\" srcset=\"https:\/\/grandepremio.com\/wp-content\/uploads\/2026\/08\/338809_1920x1080-1024x576.jpg 1024w, https:\/\/grandepremio.com\/wp-content\/uploads\/2026\/08\/338809_1920x1080-300x169.jpg 300w, https:\/\/grandepremio.com\/wp-content\/uploads\/2026\/08\/338809_1920x1080-768x432.jpg 768w, https:\/\/grandepremio.com\/wp-content\/uploads\/2026\/08\/338809_1920x1080-1536x864.jpg 1536w, https:\/\/grandepremio.com\/wp-content\/uploads\/2026\/08\/338809_1920x1080-1200x675.jpg 1200w, https:\/\/grandepremio.com\/wp-content\/uploads\/2026\/08\/338809_1920x1080-150x84.jpg 150w, https:\/\/grandepremio.com\/wp-content\/uploads\/2026\/08\/338809_1920x1080.jpg 1919w\" \/>                        <\/div>\n                        <span\n    class=\"gp-badge inline-flex items-center font-bold uppercase tracking-wide text-white text-xs px-2.5 py-1 rounded absolute top-3 left-3 z-10\"\n    style=\"background: var(--c-fe)\"\n>GRANDE PREMIUM<\/span>\n                    <\/div>\n                <\/a>\n            \n            <div>\n                                    <a href=\"https:\/\/grandepremio.com\/br\/grandepremium\/formula-e\/materias\/pascal-wehrlein-2024-2026-raio-x-bicampeonato-formula-e\/\" class=\"block mb-2 transition-opacity hover:opacity-70\">\n                                                                        <h2 class=\"text-2xl md:text-4xl font-bold\" style=\"color: #0000ff\">\n                            Pascal Wehrlein 2024 x 2026: raio X do bicampeonato da F\u00f3rmula E                        <\/h2>\n                    <\/a>\n                \n                                    <a href=\"https:\/\/grandepremio.com\/br\/formula-e\/pascal-wehrlein-consagrado-mitch-evans-decepcionado-quem-fecha-formula-e-2025-26-alta-baixa\/\" class=\"flex items-start gap-2 py-4 border-b border-gray-100 transition-opacity hover:opacity-70\">\n                        <svg class=\"shrink-0 mt-1.5 fill-black\" width=\"16\" height=\"12\" viewBox=\"0 0 16 12\" xmlns=\"http:\/\/www.w3.org\/2000\/svg\">\n                            <path d=\"M10 12L8.6 10.55L12.15 7H0V5H12.15L8.6 1.45L10 0L16 6L10 12Z\"\/>\n                        <\/svg>\n                        <div>\n                                                            <div class=\"flex items-center gap-2 mb-1\">\n                                    <span\n    class=\"gp-badge inline-flex items-center font-bold uppercase tracking-wide text-white text-xs px-2.5 py-1 rounded align-middle\"\n    style=\"background: var(--c-fe)\"\n>AN\u00c1LISE<\/span>\n                                                                    <\/div>\n                                                        <h2 class=\"text-base font-medium text-[#15151E] leading-[140%]\">\n                                Wehrlein consagrado, Evans decepcionado: quem fecha 2025\/26 em alta e em baixa                            <\/h2>\n                        <\/div>\n                    <\/a>\n                                    <a href=\"https:\/\/grandepremio.com\/br\/formula-e\/nissan-segura-oliver-rowland-apos-nova-cartada-rivais-formula-e-jovens-ex-f2-disputam-2a-vaga\/\" class=\"flex items-start gap-2 py-4 border-b border-gray-100 transition-opacity hover:opacity-70\">\n                        <svg class=\"shrink-0 mt-1.5 fill-black\" width=\"16\" height=\"12\" viewBox=\"0 0 16 12\" xmlns=\"http:\/\/www.w3.org\/2000\/svg\">\n                            <path d=\"M10 12L8.6 10.55L12.15 7H0V5H12.15L8.6 1.45L10 0L16 6L10 12Z\"\/>\n                        <\/svg>\n                        <div>\n                                                        <h2 class=\"text-base font-medium text-[#15151E] leading-[140%]\">\n                                Nissan segura Rowland ap\u00f3s nova cartada de rivais. Jovens ex-F2 disputam 2\u00aa vaga                            <\/h2>\n                        <\/div>\n                    <\/a>\n                                    <a href=\"https:\/\/grandepremio.com\/br\/formula-e\/jaguar-destaca-parceria-antonio-felix-da-costa-mitch-evans-titulo-equipes-impressionante\/\" class=\"flex items-start gap-2 py-4 border-b border-gray-100 transition-opacity hover:opacity-70\">\n                        <svg class=\"shrink-0 mt-1.5 fill-black\" width=\"16\" height=\"12\" viewBox=\"0 0 16 12\" xmlns=\"http:\/\/www.w3.org\/2000\/svg\">\n                            <path d=\"M10 12L8.6 10.55L12.15 7H0V5H12.15L8.6 1.45L10 0L16 6L10 12Z\"\/>\n                        <\/svg>\n                        <div>\n                                                        <h2 class=\"text-base font-medium text-[#15151E] leading-[140%]\">\n                                Jaguar destaca parceria entre Da Costa e Evans no t\u00edtulo de Equipes: &#039;Foi impressionante&#039;                            <\/h2>\n                        <\/div>\n                    <\/a>\n                                    <a href=\"https:\/\/grandepremio.com\/br\/formula-e\/pascal-wehrlein-critica-postura-antonio-felix-da-costa-jaguar-londres-tentaram-destruir-minha-corrida\/\" class=\"flex items-start gap-2 py-4 border-b border-gray-100 transition-opacity hover:opacity-70\">\n                        <svg class=\"shrink-0 mt-1.5 fill-black\" width=\"16\" height=\"12\" viewBox=\"0 0 16 12\" xmlns=\"http:\/\/www.w3.org\/2000\/svg\">\n                            <path d=\"M10 12L8.6 10.55L12.15 7H0V5H12.15L8.6 1.45L10 0L16 6L10 12Z\"\/>\n                        <\/svg>\n                        <div>\n                                                        <h2 class=\"text-base font-medium text-[#15151E] leading-[140%]\">\n                                Wehrlein critica postura de Da Costa e Jaguar em Londres: &#039;Tentaram destruir minha corrida&#039;                            <\/h2>\n                        <\/div>\n                    <\/a>\n                                    <a href=\"https:\/\/grandepremio.com\/br\/formula-e\/jake-dennis-acusa-pascal-wehrlein-joga-lo-muro-londres-detona-vergonhoso\/\" class=\"flex items-start gap-2 py-4 border-b border-gray-100 transition-opacity hover:opacity-70\">\n                        <svg class=\"shrink-0 mt-1.5 fill-black\" width=\"16\" height=\"12\" viewBox=\"0 0 16 12\" xmlns=\"http:\/\/www.w3.org\/2000\/svg\">\n                            <path d=\"M10 12L8.6 10.55L12.15 7H0V5H12.15L8.6 1.45L10 0L16 6L10 12Z\"\/>\n                        <\/svg>\n                        <div>\n                                                        <h2 class=\"text-base font-medium text-[#15151E] leading-[140%]\">\n                                Dennis acusa Wehrlein de jog\u00e1-lo no muro em Londres e detona: &#039;Foi vergonhoso&#039;                            <\/h2>\n                        <\/div>\n                    <\/a>\n                            <\/div>\n        <\/div>\n    <\/section>\n<\/div>\n\n\n\n<div class=\"mt-8 md:mt-16 wp-block-grande-premio-news-and-classification\">\n    <section>\n        \n        <div class=\"grid grid-cols-1 md:grid-cols-3 gap-8\">\n            <!-- Column 1: medium + small -->\n            <div>\n                                    <a href=\"https:\/\/grandepremio.com\/br\/formula-e\/pole-podio-resultados-felipe-drugovich-analise-temporada-estreia-formula-e\/\" class=\"block mb-5 transition-opacity hover:opacity-70\">\n                        <div class=\"h-72 md:h-91 rounded-2xl overflow-hidden mb-4 relative\">\n                            <img width=\"1024\" height=\"576\" src=\"https:\/\/grandepremio.com\/wp-content\/uploads\/2026\/06\/2282295486-1024x576.webp\" class=\"absolute inset-0 w-full h-full object-cover\" alt=\"\" loading=\"lazy\" decoding=\"async\" sizes=\"(max-width: 768px) 100vw, (max-width: 1280px) 33vw, 400px\" srcset=\"https:\/\/grandepremio.com\/wp-content\/uploads\/2026\/06\/2282295486-1024x576.webp 1024w, https:\/\/grandepremio.com\/wp-content\/uploads\/2026\/06\/2282295486-300x169.webp 300w, https:\/\/grandepremio.com\/wp-content\/uploads\/2026\/06\/2282295486-768x432.webp 768w, https:\/\/grandepremio.com\/wp-content\/uploads\/2026\/06\/2282295486-1200x675.webp 1200w, https:\/\/grandepremio.com\/wp-content\/uploads\/2026\/06\/2282295486-150x84.webp 150w, https:\/\/grandepremio.com\/wp-content\/uploads\/2026\/06\/2282295486.webp 1440w\" \/>                        <\/div>\n                                                                        <h2 class=\"text-2xl md:text-3xl font-bold leading-tight\" style=\"color: #0000FF\">\n                            Pole, p\u00f3dio e resultados: Drugovich faz an\u00e1lise da temporada de estreia                        <\/h2>\n                    <\/a>\n                \n                                    <a href=\"https:\/\/grandepremio.com\/br\/formula-e\/lucas-di-grassi-diz-despedida-nao-foi-sonhos-exalta-feitos-historicos-lola-yamaha\/\" class=\"flex items-start gap-4 transition-opacity hover:opacity-70\">\n                        <svg class=\"shrink-0 mt-1.5 fill-black\" width=\"16\" height=\"12\" viewBox=\"0 0 16 12\" xmlns=\"http:\/\/www.w3.org\/2000\/svg\">\n                            <path d=\"M10 12L8.6 10.55L12.15 7H0V5H12.15L8.6 1.45L10 0L16 6L10 12Z\"\/>\n                        <\/svg>\n                        <div>\n                                                        <h2 class=\"font-medium text-[#15151E] leading-[140%]\">\n                                Di Grassi diz que despedida &#039;n\u00e3o foi dos sonhos&#039;, mas exalta feitos hist\u00f3ricos na Lola Yamaha                            <\/h2>\n                        <\/div>\n                    <\/a>\n                            <\/div>\n\n            <!-- Column 2: big -->\n            <div>\n                                    <a href=\"https:\/\/grandepremio.com\/br\/formula-e\/ph-marum-ressentimento-pascal-wehrlein-incompativel-tudo-aconteceu-londres\/\" class=\"block transition-opacity hover:opacity-70\">\n                        <div class=\"h-72 md:h-113 rounded-2xl overflow-hidden mb-4 relative\">\n                            <img width=\"1024\" height=\"640\" src=\"https:\/\/grandepremio.com\/wp-content\/uploads\/2026\/07\/338060_1535x1920-1024x640.jpg\" class=\"absolute inset-0 w-full h-full object-cover\" alt=\"\" loading=\"lazy\" decoding=\"async\" sizes=\"(max-width: 768px) 100vw, (max-width: 1280px) 33vw, 400px\" srcset=\"https:\/\/grandepremio.com\/wp-content\/uploads\/2026\/07\/338060_1535x1920-1024x640.jpg 1024w, https:\/\/grandepremio.com\/wp-content\/uploads\/2026\/07\/338060_1535x1920-300x188.jpg 300w, https:\/\/grandepremio.com\/wp-content\/uploads\/2026\/07\/338060_1535x1920-768x480.jpg 768w, https:\/\/grandepremio.com\/wp-content\/uploads\/2026\/07\/338060_1535x1920-150x94.jpg 150w, https:\/\/grandepremio.com\/wp-content\/uploads\/2026\/07\/338060_1535x1920.jpg 1535w\" \/><span\n    class=\"gp-badge inline-flex items-center font-bold uppercase tracking-wide text-white text-xs px-2.5 py-1 rounded absolute top-3 left-3 z-10\"\n    style=\"background: var(--c-fe)\"\n>AN\u00c1LISE<\/span>\n                        <\/div>\n                                                                        <h2 class=\"text-2xl font-bold leading-tight\" style=\"color: #0000FF\">\n                            PH Marum: &#039;Ressentimento de Wehrlein \u00e9 incompat\u00edvel com tudo que aconteceu no eP de Londres&#039;                        <\/h2>\n                    <\/a>\n                            <\/div>\n\n            <!-- Column 3: classifica\u00e7\u00e3o real, estilos das p\u00e1ginas (.gp-standings\/.gp-table) -->\n            <div>\n                                    <div class=\"gp-standings font-sans text-ms-ink bg-ms-paper border border-ms-line rounded-[14px] overflow-hidden shadow-ms-card antialiased\" id=\"gpch-1-tabs\">\n                        <div class=\"pt-4 px-[18px] border-b-2 border-b-ms-ink\">\n                            <div class=\"flex justify-between items-baseline gap-3 flex-wrap\">\n                                <span class=\"text-[11px] font-extrabold tracking-[.14em] text-ms-accent uppercase\">F\u00f3rmula E \u00b7 2026<\/span>\n                                <a class=\"gp-xlink\" href=\"https:\/\/grandepremio.com\/br\/formula-e\/classificacao\/2026\/pilotos\/\">Ver todos <span aria-hidden=\"true\">\u2192<\/span><\/a>\n                            <\/div>\n                            <h3 class=\"font-extrabold text-[20px] leading-none mt-1.5 mb-2.5 tracking-[-.01em] uppercase\">Classifica\u00e7\u00e3o<\/h3>\n                                                        <div class=\"flex gap-0.5\">\n                                                                    <button type=\"button\" class=\"gp-tab text-[16px] font-bold text-ms-muted py-2.5 px-3.5 border-b-[3px] border-b-transparent -mb-0.5 no-underline transition-[color] duration-[120ms] hover:text-ms-ink is-active\" data-tab=\"drivers\">Pilotos<\/button>\n                                                                    <button type=\"button\" class=\"gp-tab text-[16px] font-bold text-ms-muted py-2.5 px-3.5 border-b-[3px] border-b-transparent -mb-0.5 no-underline transition-[color] duration-[120ms] hover:text-ms-ink\" data-tab=\"teams\">Equipes<\/button>\n                                                                    <button type=\"button\" class=\"gp-tab text-[16px] font-bold text-ms-muted py-2.5 px-3.5 border-b-[3px] border-b-transparent -mb-0.5 no-underline transition-[color] duration-[120ms] hover:text-ms-ink\" data-tab=\"constructors\">Construtores<\/button>\n                                                            <\/div>\n                        <\/div>\n\n                                                    <div class=\"gp-tablewrap overflow-x-auto pt-2\" data-panel=\"drivers\" >\n                                <table class=\"w-full table-fixed [&amp;_tr:last-child&gt;td]:border-b-0\"><tbody>\n                                                                            <tr class=\"\">\n                                            <td class=\"h-[52px] border-b border-b-ms-line-soft align-middle text-[14px] w-[42px] pl-3.5 pr-2 text-center\"><span class=\"font-extrabold text-[18px] tabular-nums tracking-[-.02em]\">1<\/span><\/td>\n                                            <td class=\"h-[52px] border-b border-b-ms-line-soft align-middle text-[14px] px-2\">\n                                                <div class=\"flex items-center gap-[11px]\">\n                                                    <span class=\"flex-none w-1 h-[26px] rounded-[2px]\" style=\"background:#5d00a8\"><\/span>\n                                                                                                            <span class=\"flex flex-col gap-px min-w-0 flex-auto\">\n                                                            <span class=\"font-bold text-[14.5px] tracking-[-.01em] truncate\">Pascal Wehrlein<\/span>\n                                                            <span class=\"text-[11.5px] text-ms-muted font-medium flex items-center gap-1.5 whitespace-nowrap overflow-hidden\"><span class=\"text-[9.5px] font-extrabold tracking-[.04em] text-ms-muted border border-ms-line rounded-[3px] px-1 py-px leading-[1.4]\">ALE<\/span> Porsche<\/span>\n                                                        <\/span>\n                                                                                                                                                        <\/div>\n                                            <\/td>\n                                            <td class=\"h-[52px] border-b border-b-ms-line-soft align-middle text-[14px] w-[70px] pl-2 pr-4 text-right tabular-nums\"><b class=\"font-extrabold text-[18px] tracking-[-.02em]\">169<\/b><\/td>\n                                        <\/tr>\n                                                                            <tr class=\"\">\n                                            <td class=\"h-[52px] border-b border-b-ms-line-soft align-middle text-[14px] w-[42px] pl-3.5 pr-2 text-center\"><span class=\"font-extrabold text-[18px] tabular-nums tracking-[-.02em]\">2<\/span><\/td>\n                                            <td class=\"h-[52px] border-b border-b-ms-line-soft align-middle text-[14px] px-2\">\n                                                <div class=\"flex items-center gap-[11px]\">\n                                                    <span class=\"flex-none w-1 h-[26px] rounded-[2px]\" style=\"background:#ffea00\"><\/span>\n                                                                                                            <span class=\"flex flex-col gap-px min-w-0 flex-auto\">\n                                                            <span class=\"font-bold text-[14.5px] tracking-[-.01em] truncate\">Jake Dennis<\/span>\n                                                            <span class=\"text-[11.5px] text-ms-muted font-medium flex items-center gap-1.5 whitespace-nowrap overflow-hidden\"><span class=\"text-[9.5px] font-extrabold tracking-[.04em] text-ms-muted border border-ms-line rounded-[3px] px-1 py-px leading-[1.4]\">ING<\/span> Andretti<\/span>\n                                                        <\/span>\n                                                                                                                                                        <\/div>\n                                            <\/td>\n                                            <td class=\"h-[52px] border-b border-b-ms-line-soft align-middle text-[14px] w-[70px] pl-2 pr-4 text-right tabular-nums\"><b class=\"font-extrabold text-[18px] tracking-[-.02em]\">164<\/b><\/td>\n                                        <\/tr>\n                                                                            <tr class=\"\">\n                                            <td class=\"h-[52px] border-b border-b-ms-line-soft align-middle text-[14px] w-[42px] pl-3.5 pr-2 text-center\"><span class=\"font-extrabold text-[18px] tabular-nums tracking-[-.02em]\">3<\/span><\/td>\n                                            <td class=\"h-[52px] border-b border-b-ms-line-soft align-middle text-[14px] px-2\">\n                                                <div class=\"flex items-center gap-[11px]\">\n                                                    <span class=\"flex-none w-1 h-[26px] rounded-[2px]\" style=\"background:#000000\"><\/span>\n                                                                                                            <span class=\"flex flex-col gap-px min-w-0 flex-auto\">\n                                                            <span class=\"font-bold text-[14.5px] tracking-[-.01em] truncate\">Mitch Evans<\/span>\n                                                            <span class=\"text-[11.5px] text-ms-muted font-medium flex items-center gap-1.5 whitespace-nowrap overflow-hidden\"><span class=\"text-[9.5px] font-extrabold tracking-[.04em] text-ms-muted border border-ms-line rounded-[3px] px-1 py-px leading-[1.4]\">NZE<\/span> Jaguar<\/span>\n                                                        <\/span>\n                                                                                                                                                        <\/div>\n                                            <\/td>\n                                            <td class=\"h-[52px] border-b border-b-ms-line-soft align-middle text-[14px] w-[70px] pl-2 pr-4 text-right tabular-nums\"><b class=\"font-extrabold text-[18px] tracking-[-.02em]\">160<\/b><\/td>\n                                        <\/tr>\n                                                                            <tr class=\"\">\n                                            <td class=\"h-[52px] border-b border-b-ms-line-soft align-middle text-[14px] w-[42px] pl-3.5 pr-2 text-center\"><span class=\"font-extrabold text-[18px] tabular-nums tracking-[-.02em]\">4<\/span><\/td>\n                                            <td class=\"h-[52px] border-b border-b-ms-line-soft align-middle text-[14px] px-2\">\n                                                <div class=\"flex items-center gap-[11px]\">\n                                                    <span class=\"flex-none w-1 h-[26px] rounded-[2px]\" style=\"background:#e5202a\"><\/span>\n                                                                                                            <span class=\"flex flex-col gap-px min-w-0 flex-auto\">\n                                                            <span class=\"font-bold text-[14.5px] tracking-[-.01em] truncate\">Oliver Rowland<\/span>\n                                                            <span class=\"text-[11.5px] text-ms-muted font-medium flex items-center gap-1.5 whitespace-nowrap overflow-hidden\"><span class=\"text-[9.5px] font-extrabold tracking-[.04em] text-ms-muted border border-ms-line rounded-[3px] px-1 py-px leading-[1.4]\">ING<\/span> Nissan<\/span>\n                                                        <\/span>\n                                                                                                                                                        <\/div>\n                                            <\/td>\n                                            <td class=\"h-[52px] border-b border-b-ms-line-soft align-middle text-[14px] w-[70px] pl-2 pr-4 text-right tabular-nums\"><b class=\"font-extrabold text-[18px] tracking-[-.02em]\">137<\/b><\/td>\n                                        <\/tr>\n                                                                            <tr class=\"\">\n                                            <td class=\"h-[52px] border-b border-b-ms-line-soft align-middle text-[14px] w-[42px] pl-3.5 pr-2 text-center\"><span class=\"font-extrabold text-[18px] tabular-nums tracking-[-.02em]\">5<\/span><\/td>\n                                            <td class=\"h-[52px] border-b border-b-ms-line-soft align-middle text-[14px] px-2\">\n                                                <div class=\"flex items-center gap-[11px]\">\n                                                    <span class=\"flex-none w-1 h-[26px] rounded-[2px]\" style=\"background:#ad1018\"><\/span>\n                                                                                                            <span class=\"flex flex-col gap-px min-w-0 flex-auto\">\n                                                            <span class=\"font-bold text-[14.5px] tracking-[-.01em] truncate\">Edoardo Mortara<\/span>\n                                                            <span class=\"text-[11.5px] text-ms-muted font-medium flex items-center gap-1.5 whitespace-nowrap overflow-hidden\"><span class=\"text-[9.5px] font-extrabold tracking-[.04em] text-ms-muted border border-ms-line rounded-[3px] px-1 py-px leading-[1.4]\">SUI<\/span> Mahindra<\/span>\n                                                        <\/span>\n                                                                                                                                                        <\/div>\n                                            <\/td>\n                                            <td class=\"h-[52px] border-b border-b-ms-line-soft align-middle text-[14px] w-[70px] pl-2 pr-4 text-right tabular-nums\"><b class=\"font-extrabold text-[18px] tracking-[-.02em]\">137<\/b><\/td>\n                                        <\/tr>\n                                                                            <tr class=\"\">\n                                            <td class=\"h-[52px] border-b border-b-ms-line-soft align-middle text-[14px] w-[42px] pl-3.5 pr-2 text-center\"><span class=\"font-extrabold text-[18px] tabular-nums tracking-[-.02em]\">6<\/span><\/td>\n                                            <td class=\"h-[52px] border-b border-b-ms-line-soft align-middle text-[14px] px-2\">\n                                                <div class=\"flex items-center gap-[11px]\">\n                                                    <span class=\"flex-none w-1 h-[26px] rounded-[2px]\" style=\"background:#000000\"><\/span>\n                                                                                                            <span class=\"flex flex-col gap-px min-w-0 flex-auto\">\n                                                            <span class=\"font-bold text-[14.5px] tracking-[-.01em] truncate\">Ant\u00f3nio F\u00e9lix da Costa<\/span>\n                                                            <span class=\"text-[11.5px] text-ms-muted font-medium flex items-center gap-1.5 whitespace-nowrap overflow-hidden\"><span class=\"text-[9.5px] font-extrabold tracking-[.04em] text-ms-muted border border-ms-line rounded-[3px] px-1 py-px leading-[1.4]\">POR<\/span> Jaguar<\/span>\n                                                        <\/span>\n                                                                                                                                                        <\/div>\n                                            <\/td>\n                                            <td class=\"h-[52px] border-b border-b-ms-line-soft align-middle text-[14px] w-[70px] pl-2 pr-4 text-right tabular-nums\"><b class=\"font-extrabold text-[18px] tracking-[-.02em]\">128<\/b><\/td>\n                                        <\/tr>\n                                                                            <tr class=\"\">\n                                            <td class=\"h-[52px] border-b border-b-ms-line-soft align-middle text-[14px] w-[42px] pl-3.5 pr-2 text-center\"><span class=\"font-extrabold text-[18px] tabular-nums tracking-[-.02em]\">7<\/span><\/td>\n                                            <td class=\"h-[52px] border-b border-b-ms-line-soft align-middle text-[14px] px-2\">\n                                                <div class=\"flex items-center gap-[11px]\">\n                                                    <span class=\"flex-none w-1 h-[26px] rounded-[2px]\" style=\"background:#ad1018\"><\/span>\n                                                                                                            <span class=\"flex flex-col gap-px min-w-0 flex-auto\">\n                                                            <span class=\"font-bold text-[14.5px] tracking-[-.01em] truncate\">Nyck de Vries<\/span>\n                                                            <span class=\"text-[11.5px] text-ms-muted font-medium flex items-center gap-1.5 whitespace-nowrap overflow-hidden\"><span class=\"text-[9.5px] font-extrabold tracking-[.04em] text-ms-muted border border-ms-line rounded-[3px] px-1 py-px leading-[1.4]\">NLD<\/span> Mahindra<\/span>\n                                                        <\/span>\n                                                                                                                                                        <\/div>\n                                            <\/td>\n                                            <td class=\"h-[52px] border-b border-b-ms-line-soft align-middle text-[14px] w-[70px] pl-2 pr-4 text-right tabular-nums\"><b class=\"font-extrabold text-[18px] tracking-[-.02em]\">115<\/b><\/td>\n                                        <\/tr>\n                                                                            <tr class=\"\">\n                                            <td class=\"h-[52px] border-b border-b-ms-line-soft align-middle text-[14px] w-[42px] pl-3.5 pr-2 text-center\"><span class=\"font-extrabold text-[18px] tabular-nums tracking-[-.02em]\">8<\/span><\/td>\n                                            <td class=\"h-[52px] border-b border-b-ms-line-soft align-middle text-[14px] px-2\">\n                                                <div class=\"flex items-center gap-[11px]\">\n                                                    <span class=\"flex-none w-1 h-[26px] rounded-[2px]\" style=\"background:#2b00ff\"><\/span>\n                                                                                                            <span class=\"flex flex-col gap-px min-w-0 flex-auto\">\n                                                            <span class=\"font-bold text-[14.5px] tracking-[-.01em] truncate\">Nick Cassidy<\/span>\n                                                            <span class=\"text-[11.5px] text-ms-muted font-medium flex items-center gap-1.5 whitespace-nowrap overflow-hidden\"><span class=\"text-[9.5px] font-extrabold tracking-[.04em] text-ms-muted border border-ms-line rounded-[3px] px-1 py-px leading-[1.4]\">NZE<\/span> Citro\u00ebn<\/span>\n                                                        <\/span>\n                                                                                                                                                        <\/div>\n                                            <\/td>\n                                            <td class=\"h-[52px] border-b border-b-ms-line-soft align-middle text-[14px] w-[70px] pl-2 pr-4 text-right tabular-nums\"><b class=\"font-extrabold text-[18px] tracking-[-.02em]\">114<\/b><\/td>\n                                        <\/tr>\n                                                                    <\/tbody><\/table>\n                            <\/div>\n                                                    <div class=\"gp-tablewrap overflow-x-auto pt-2\" data-panel=\"teams\" style=\"display:none\">\n                                <table class=\"w-full table-fixed [&amp;_tr:last-child&gt;td]:border-b-0\"><tbody>\n                                                                            <tr class=\"is-leader\">\n                                            <td class=\"h-[52px] border-b border-b-ms-line-soft align-middle text-[14px] w-[42px] pl-3.5 pr-2 text-center\"><span class=\"font-extrabold text-[18px] tabular-nums tracking-[-.02em] text-ms-accent\">1<\/span><\/td>\n                                            <td class=\"h-[52px] border-b border-b-ms-line-soft align-middle text-[14px] px-2\">\n                                                <div class=\"flex items-center gap-[11px]\">\n                                                    <span class=\"flex-none w-1 h-[26px] rounded-[2px]\" style=\"background:#000000\"><\/span>\n                                                                                                                                                                <span class=\"font-bold text-[14.5px] tracking-[-.01em] truncate text-ms-accent\">Jaguar<\/span>\n                                                                                                    <\/div>\n                                            <\/td>\n                                            <td class=\"h-[52px] border-b border-b-ms-line-soft align-middle text-[14px] w-[70px] pl-2 pr-4 text-right tabular-nums\"><b class=\"font-extrabold text-[18px] tracking-[-.02em]\">288<\/b><\/td>\n                                        <\/tr>\n                                                                            <tr class=\"\">\n                                            <td class=\"h-[52px] border-b border-b-ms-line-soft align-middle text-[14px] w-[42px] pl-3.5 pr-2 text-center\"><span class=\"font-extrabold text-[18px] tabular-nums tracking-[-.02em]\">2<\/span><\/td>\n                                            <td class=\"h-[52px] border-b border-b-ms-line-soft align-middle text-[14px] px-2\">\n                                                <div class=\"flex items-center gap-[11px]\">\n                                                    <span class=\"flex-none w-1 h-[26px] rounded-[2px]\" style=\"background:#5d00a8\"><\/span>\n                                                                                                                                                                <span class=\"font-bold text-[14.5px] tracking-[-.01em] truncate\">Porsche<\/span>\n                                                                                                    <\/div>\n                                            <\/td>\n                                            <td class=\"h-[52px] border-b border-b-ms-line-soft align-middle text-[14px] w-[70px] pl-2 pr-4 text-right tabular-nums\"><b class=\"font-extrabold text-[18px] tracking-[-.02em]\">271<\/b><\/td>\n                                        <\/tr>\n                                                                            <tr class=\"\">\n                                            <td class=\"h-[52px] border-b border-b-ms-line-soft align-middle text-[14px] w-[42px] pl-3.5 pr-2 text-center\"><span class=\"font-extrabold text-[18px] tabular-nums tracking-[-.02em]\">3<\/span><\/td>\n                                            <td class=\"h-[52px] border-b border-b-ms-line-soft align-middle text-[14px] px-2\">\n                                                <div class=\"flex items-center gap-[11px]\">\n                                                    <span class=\"flex-none w-1 h-[26px] rounded-[2px]\" style=\"background:#ad1018\"><\/span>\n                                                                                                                                                                <span class=\"font-bold text-[14.5px] tracking-[-.01em] truncate\">Mahindra<\/span>\n                                                                                                    <\/div>\n                                            <\/td>\n                                            <td class=\"h-[52px] border-b border-b-ms-line-soft align-middle text-[14px] w-[70px] pl-2 pr-4 text-right tabular-nums\"><b class=\"font-extrabold text-[18px] tracking-[-.02em]\">252<\/b><\/td>\n                                        <\/tr>\n                                                                            <tr class=\"\">\n                                            <td class=\"h-[52px] border-b border-b-ms-line-soft align-middle text-[14px] w-[42px] pl-3.5 pr-2 text-center\"><span class=\"font-extrabold text-[18px] tabular-nums tracking-[-.02em]\">4<\/span><\/td>\n                                            <td class=\"h-[52px] border-b border-b-ms-line-soft align-middle text-[14px] px-2\">\n                                                <div class=\"flex items-center gap-[11px]\">\n                                                    <span class=\"flex-none w-1 h-[26px] rounded-[2px]\" style=\"background:#ffea00\"><\/span>\n                                                                                                                                                                <span class=\"font-bold text-[14.5px] tracking-[-.01em] truncate\">Andretti<\/span>\n                                                                                                    <\/div>\n                                            <\/td>\n                                            <td class=\"h-[52px] border-b border-b-ms-line-soft align-middle text-[14px] w-[70px] pl-2 pr-4 text-right tabular-nums\"><b class=\"font-extrabold text-[18px] tracking-[-.02em]\">229<\/b><\/td>\n                                        <\/tr>\n                                                                            <tr class=\"\">\n                                            <td class=\"h-[52px] border-b border-b-ms-line-soft align-middle text-[14px] w-[42px] pl-3.5 pr-2 text-center\"><span class=\"font-extrabold text-[18px] tabular-nums tracking-[-.02em]\">5<\/span><\/td>\n                                            <td class=\"h-[52px] border-b border-b-ms-line-soft align-middle text-[14px] px-2\">\n                                                <div class=\"flex items-center gap-[11px]\">\n                                                    <span class=\"flex-none w-1 h-[26px] rounded-[2px]\" style=\"background:#2b00ff\"><\/span>\n                                                                                                                                                                <span class=\"font-bold text-[14.5px] tracking-[-.01em] truncate\">Citro\u00ebn<\/span>\n                                                                                                    <\/div>\n                                            <\/td>\n                                            <td class=\"h-[52px] border-b border-b-ms-line-soft align-middle text-[14px] w-[70px] pl-2 pr-4 text-right tabular-nums\"><b class=\"font-extrabold text-[18px] tracking-[-.02em]\">182<\/b><\/td>\n                                        <\/tr>\n                                                                            <tr class=\"\">\n                                            <td class=\"h-[52px] border-b border-b-ms-line-soft align-middle text-[14px] w-[42px] pl-3.5 pr-2 text-center\"><span class=\"font-extrabold text-[18px] tabular-nums tracking-[-.02em]\">6<\/span><\/td>\n                                            <td class=\"h-[52px] border-b border-b-ms-line-soft align-middle text-[14px] px-2\">\n                                                <div class=\"flex items-center gap-[11px]\">\n                                                    <span class=\"flex-none w-1 h-[26px] rounded-[2px]\" style=\"background:#e5202a\"><\/span>\n                                                                                                                                                                <span class=\"font-bold text-[14.5px] tracking-[-.01em] truncate\">Nissan<\/span>\n                                                                                                    <\/div>\n                                            <\/td>\n                                            <td class=\"h-[52px] border-b border-b-ms-line-soft align-middle text-[14px] w-[70px] pl-2 pr-4 text-right tabular-nums\"><b class=\"font-extrabold text-[18px] tracking-[-.02em]\">157<\/b><\/td>\n                                        <\/tr>\n                                                                            <tr class=\"\">\n                                            <td class=\"h-[52px] border-b border-b-ms-line-soft align-middle text-[14px] w-[42px] pl-3.5 pr-2 text-center\"><span class=\"font-extrabold text-[18px] tabular-nums tracking-[-.02em]\">7<\/span><\/td>\n                                            <td class=\"h-[52px] border-b border-b-ms-line-soft align-middle text-[14px] px-2\">\n                                                <div class=\"flex items-center gap-[11px]\">\n                                                    <span class=\"flex-none w-1 h-[26px] rounded-[2px]\" style=\"background:#00ff33\"><\/span>\n                                                                                                                                                                <span class=\"font-bold text-[14.5px] tracking-[-.01em] truncate\">Envision<\/span>\n                                                                                                    <\/div>\n                                            <\/td>\n                                            <td class=\"h-[52px] border-b border-b-ms-line-soft align-middle text-[14px] w-[70px] pl-2 pr-4 text-right tabular-nums\"><b class=\"font-extrabold text-[18px] tracking-[-.02em]\">152<\/b><\/td>\n                                        <\/tr>\n                                                                            <tr class=\"\">\n                                            <td class=\"h-[52px] border-b border-b-ms-line-soft align-middle text-[14px] w-[42px] pl-3.5 pr-2 text-center\"><span class=\"font-extrabold text-[18px] tabular-nums tracking-[-.02em]\">8<\/span><\/td>\n                                            <td class=\"h-[52px] border-b border-b-ms-line-soft align-middle text-[14px] px-2\">\n                                                <div class=\"flex items-center gap-[11px]\">\n                                                    <span class=\"flex-none w-1 h-[26px] rounded-[2px]\" style=\"background:#8e5f36\"><\/span>\n                                                                                                                                                                <span class=\"font-bold text-[14.5px] tracking-[-.01em] truncate\">Cupra Kiro<\/span>\n                                                                                                    <\/div>\n                                            <\/td>\n                                            <td class=\"h-[52px] border-b border-b-ms-line-soft align-middle text-[14px] w-[70px] pl-2 pr-4 text-right tabular-nums\"><b class=\"font-extrabold text-[18px] tracking-[-.02em]\">128<\/b><\/td>\n                                        <\/tr>\n                                                                    <\/tbody><\/table>\n                            <\/div>\n                                                    <div class=\"gp-tablewrap overflow-x-auto pt-2\" data-panel=\"constructors\" style=\"display:none\">\n                                <table class=\"w-full table-fixed [&amp;_tr:last-child&gt;td]:border-b-0\"><tbody>\n                                                                            <tr class=\"is-leader\">\n                                            <td class=\"h-[52px] border-b border-b-ms-line-soft align-middle text-[14px] w-[42px] pl-3.5 pr-2 text-center\"><span class=\"font-extrabold text-[18px] tabular-nums tracking-[-.02em] text-ms-accent\">1<\/span><\/td>\n                                            <td class=\"h-[52px] border-b border-b-ms-line-soft align-middle text-[14px] px-2\">\n                                                <div class=\"flex items-center gap-[11px]\">\n                                                    <span class=\"flex-none w-1 h-[26px] rounded-[2px]\" style=\"background:#5d00a8\"><\/span>\n                                                                                                                                                                <span class=\"font-bold text-[14.5px] tracking-[-.01em] truncate text-ms-accent\">Porsche<\/span>\n                                                                                                    <\/div>\n                                            <\/td>\n                                            <td class=\"h-[52px] border-b border-b-ms-line-soft align-middle text-[14px] w-[70px] pl-2 pr-4 text-right tabular-nums\"><b class=\"font-extrabold text-[18px] tracking-[-.02em]\">498<\/b><\/td>\n                                        <\/tr>\n                                                                            <tr class=\"\">\n                                            <td class=\"h-[52px] border-b border-b-ms-line-soft align-middle text-[14px] w-[42px] pl-3.5 pr-2 text-center\"><span class=\"font-extrabold text-[18px] tabular-nums tracking-[-.02em]\">2<\/span><\/td>\n                                            <td class=\"h-[52px] border-b border-b-ms-line-soft align-middle text-[14px] px-2\">\n                                                <div class=\"flex items-center gap-[11px]\">\n                                                    <span class=\"flex-none w-1 h-[26px] rounded-[2px]\" style=\"background:#000000\"><\/span>\n                                                                                                                                                                <span class=\"font-bold text-[14.5px] tracking-[-.01em] truncate\">Jaguar<\/span>\n                                                                                                    <\/div>\n                                            <\/td>\n                                            <td class=\"h-[52px] border-b border-b-ms-line-soft align-middle text-[14px] w-[70px] pl-2 pr-4 text-right tabular-nums\"><b class=\"font-extrabold text-[18px] tracking-[-.02em]\">400<\/b><\/td>\n                                        <\/tr>\n                                                                            <tr class=\"\">\n                                            <td class=\"h-[52px] border-b border-b-ms-line-soft align-middle text-[14px] w-[42px] pl-3.5 pr-2 text-center\"><span class=\"font-extrabold text-[18px] tabular-nums tracking-[-.02em]\">3<\/span><\/td>\n                                            <td class=\"h-[52px] border-b border-b-ms-line-soft align-middle text-[14px] px-2\">\n                                                <div class=\"flex items-center gap-[11px]\">\n                                                    <span class=\"flex-none w-1 h-[26px] rounded-[2px]\" style=\"background:#0037db\"><\/span>\n                                                                                                                                                                <span class=\"font-bold text-[14.5px] tracking-[-.01em] truncate\">Stellantis<\/span>\n                                                                                                    <\/div>\n                                            <\/td>\n                                            <td class=\"h-[52px] border-b border-b-ms-line-soft align-middle text-[14px] w-[70px] pl-2 pr-4 text-right tabular-nums\"><b class=\"font-extrabold text-[18px] tracking-[-.02em]\">292<\/b><\/td>\n                                        <\/tr>\n                                                                            <tr class=\"\">\n                                            <td class=\"h-[52px] border-b border-b-ms-line-soft align-middle text-[14px] w-[42px] pl-3.5 pr-2 text-center\"><span class=\"font-extrabold text-[18px] tabular-nums tracking-[-.02em]\">4<\/span><\/td>\n                                            <td class=\"h-[52px] border-b border-b-ms-line-soft align-middle text-[14px] px-2\">\n                                                <div class=\"flex items-center gap-[11px]\">\n                                                    <span class=\"flex-none w-1 h-[26px] rounded-[2px]\" style=\"background:#ad1018\"><\/span>\n                                                                                                                                                                <span class=\"font-bold text-[14.5px] tracking-[-.01em] truncate\">Mahindra<\/span>\n                                                                                                    <\/div>\n                                            <\/td>\n                                            <td class=\"h-[52px] border-b border-b-ms-line-soft align-middle text-[14px] w-[70px] pl-2 pr-4 text-right tabular-nums\"><b class=\"font-extrabold text-[18px] tracking-[-.02em]\">251<\/b><\/td>\n                                        <\/tr>\n                                                                            <tr class=\"\">\n                                            <td class=\"h-[52px] border-b border-b-ms-line-soft align-middle text-[14px] w-[42px] pl-3.5 pr-2 text-center\"><span class=\"font-extrabold text-[18px] tabular-nums tracking-[-.02em]\">5<\/span><\/td>\n                                            <td class=\"h-[52px] border-b border-b-ms-line-soft align-middle text-[14px] px-2\">\n                                                <div class=\"flex items-center gap-[11px]\">\n                                                    <span class=\"flex-none w-1 h-[26px] rounded-[2px]\" style=\"background:#e5202a\"><\/span>\n                                                                                                                                                                <span class=\"font-bold text-[14.5px] tracking-[-.01em] truncate\">Nissan<\/span>\n                                                                                                    <\/div>\n                                            <\/td>\n                                            <td class=\"h-[52px] border-b border-b-ms-line-soft align-middle text-[14px] w-[70px] pl-2 pr-4 text-right tabular-nums\"><b class=\"font-extrabold text-[18px] tracking-[-.02em]\">189<\/b><\/td>\n                                        <\/tr>\n                                                                            <tr class=\"\">\n                                            <td class=\"h-[52px] border-b border-b-ms-line-soft align-middle text-[14px] w-[42px] pl-3.5 pr-2 text-center\"><span class=\"font-extrabold text-[18px] tabular-nums tracking-[-.02em]\">6<\/span><\/td>\n                                            <td class=\"h-[52px] border-b border-b-ms-line-soft align-middle text-[14px] px-2\">\n                                                <div class=\"flex items-center gap-[11px]\">\n                                                    <span class=\"flex-none w-1 h-[26px] rounded-[2px]\" style=\"background:#fbff00\"><\/span>\n                                                                                                                                                                <span class=\"font-bold text-[14.5px] tracking-[-.01em] truncate\">Lola<\/span>\n                                                                                                    <\/div>\n                                            <\/td>\n                                            <td class=\"h-[52px] border-b border-b-ms-line-soft align-middle text-[14px] w-[70px] pl-2 pr-4 text-right tabular-nums\"><b class=\"font-extrabold text-[18px] tracking-[-.02em]\">85<\/b><\/td>\n                                        <\/tr>\n                                                                    <\/tbody><\/table>\n                            <\/div>\n                        \n                        <script>\n                            (function () {\n                                var root = document.getElementById(\"gpch-1-tabs\");\n                                if (!root) { return; }\n                                var tabs   = root.querySelectorAll('.gp-tab[data-tab]');\n                                var panels = root.querySelectorAll('.gp-tablewrap[data-panel]');\n                                tabs.forEach(function (tab) {\n                                    tab.addEventListener('click', function () {\n                                        var active = tab.dataset.tab;\n                                        panels.forEach(function (p) { p.style.display = p.dataset.panel === active ? '' : 'none'; });\n                                        tabs.forEach(function (t) { t.classList.toggle('is-active', t === tab); });\n                                    });\n                                });\n                            }());\n                        <\/script>\n                    <\/div>\n                            <\/div>\n        <\/div>\n    <\/section>\n<\/div>\n\n\n<div\n        style=\"background-image: url(https:\/\/grandepremio.com\/br\/wp-content\/client-mu-plugins\/42-framework\/src\/plugin-blocks\/assets\/img\/ads-bg.webp)\"\n        class=\"fortytwo-ads-bg fortytwo-ad-fullbleed overflow-x-hidden py-2 max-md:py-4 flex items-center justify-center wp-block-fortytwo-ads-section\">\n    <div\n        id=\"leaderboard-2\"\n        data-ad-format=\"leaderboard\"\n        class=\"flex items-center justify-center max-md:max-w-full min-h-62.5 overflow-hidden [&#038;_iframe]:max-w-full w-full md:max-w-312.5 md:min-h-62.5 mx-auto\"\n    ><\/div>\n<\/div>\n\n\n\n<div class=\"mt-8 wp-block-grande-premio-news-grid\">\n    <ul class=\"grid grid-cols-2 md:grid-cols-4 gap-4\">\n                    <li>\n                <article>\n                    <a href=\"https:\/\/grandepremio.com\/br\/formula-e\/pascal-wehrlein-consagrado-mitch-evans-decepcionado-quem-fecha-formula-e-2025-26-alta-baixa\/\" class=\"group block\">\n                        <figure>\n                            <div class=\"relative\">\n                                <img width=\"768\" height=\"432\" src=\"https:\/\/grandepremio.com\/wp-content\/uploads\/2026\/08\/2290736084-768x432.webp\" class=\"w-full aspect-video object-cover rounded-lg\" alt=\"\" loading=\"lazy\" decoding=\"async\" sizes=\"(max-width: 768px) 50vw, (max-width: 1280px) 25vw, 300px\" srcset=\"https:\/\/grandepremio.com\/wp-content\/uploads\/2026\/08\/2290736084-768x432.webp 768w, https:\/\/grandepremio.com\/wp-content\/uploads\/2026\/08\/2290736084-300x169.webp 300w, https:\/\/grandepremio.com\/wp-content\/uploads\/2026\/08\/2290736084-1024x576.webp 1024w, https:\/\/grandepremio.com\/wp-content\/uploads\/2026\/08\/2290736084-1536x864.webp 1536w, https:\/\/grandepremio.com\/wp-content\/uploads\/2026\/08\/2290736084-2048x1152.webp 2048w, https:\/\/grandepremio.com\/wp-content\/uploads\/2026\/08\/2290736084-1200x675.webp 1200w, https:\/\/grandepremio.com\/wp-content\/uploads\/2026\/08\/2290736084-150x84.webp 150w\" \/>                                                            <\/div>\n                            <figcaption class=\"mt-2\">\n                                                                                                <span class=\"md:text-lg font-bold group-hover:underline\">Wehrlein consagrado, Evans decepcionado: quem fecha a F\u00f3rmula E 2025\/26 em alta e em baixa<\/span>\n                            <\/figcaption>\n                        <\/figure>\n                    <\/a>\n                <\/article>\n            <\/li>\n                    <li>\n                <article>\n                    <a href=\"https:\/\/grandepremio.com\/br\/formula-e\/nissan-segura-oliver-rowland-apos-nova-cartada-rivais-formula-e-jovens-ex-f2-disputam-2a-vaga\/\" class=\"group block\">\n                        <figure>\n                            <div class=\"relative\">\n                                <img width=\"768\" height=\"512\" src=\"https:\/\/grandepremio.com\/wp-content\/uploads\/2026\/07\/dppiproduction_00004818_0088-copy-768x512.jpg\" class=\"w-full aspect-video object-cover rounded-lg\" alt=\"\" loading=\"lazy\" decoding=\"async\" sizes=\"(max-width: 768px) 50vw, (max-width: 1280px) 25vw, 300px\" srcset=\"https:\/\/grandepremio.com\/wp-content\/uploads\/2026\/07\/dppiproduction_00004818_0088-copy-768x512.jpg 768w, https:\/\/grandepremio.com\/wp-content\/uploads\/2026\/07\/dppiproduction_00004818_0088-copy-300x200.jpg 300w, https:\/\/grandepremio.com\/wp-content\/uploads\/2026\/07\/dppiproduction_00004818_0088-copy-1024x683.jpg 1024w, https:\/\/grandepremio.com\/wp-content\/uploads\/2026\/07\/dppiproduction_00004818_0088-copy-1536x1024.jpg 1536w, https:\/\/grandepremio.com\/wp-content\/uploads\/2026\/07\/dppiproduction_00004818_0088-copy-2048x1365.jpg 2048w, https:\/\/grandepremio.com\/wp-content\/uploads\/2026\/07\/dppiproduction_00004818_0088-copy-150x100.jpg 150w\" \/>                                                            <\/div>\n                            <figcaption class=\"mt-2\">\n                                                                                                <span class=\"md:text-lg font-bold group-hover:underline\">Nissan segura Rowland ap\u00f3s nova cartada de rivais na F\u00f3rmula E. Jovens ex-F2 disputam 2\u00aa vaga<\/span>\n                            <\/figcaption>\n                        <\/figure>\n                    <\/a>\n                <\/article>\n            <\/li>\n                    <li>\n                <article>\n                    <a href=\"https:\/\/grandepremio.com\/br\/formula-e\/pole-podio-resultados-felipe-drugovich-analise-temporada-estreia-formula-e\/\" class=\"group block\">\n                        <figure>\n                            <div class=\"relative\">\n                                <img width=\"768\" height=\"432\" src=\"https:\/\/grandepremio.com\/wp-content\/uploads\/2026\/06\/2282295486-768x432.webp\" class=\"w-full aspect-video object-cover rounded-lg\" alt=\"\" loading=\"lazy\" decoding=\"async\" sizes=\"(max-width: 768px) 50vw, (max-width: 1280px) 25vw, 300px\" srcset=\"https:\/\/grandepremio.com\/wp-content\/uploads\/2026\/06\/2282295486-768x432.webp 768w, https:\/\/grandepremio.com\/wp-content\/uploads\/2026\/06\/2282295486-300x169.webp 300w, https:\/\/grandepremio.com\/wp-content\/uploads\/2026\/06\/2282295486-1024x576.webp 1024w, https:\/\/grandepremio.com\/wp-content\/uploads\/2026\/06\/2282295486-1200x675.webp 1200w, https:\/\/grandepremio.com\/wp-content\/uploads\/2026\/06\/2282295486-150x84.webp 150w, https:\/\/grandepremio.com\/wp-content\/uploads\/2026\/06\/2282295486.webp 1440w\" \/>                                                            <\/div>\n                            <figcaption class=\"mt-2\">\n                                                                                                <span class=\"md:text-lg font-bold group-hover:underline\">Pole, p\u00f3dio e resultados: Drugovich faz an\u00e1lise da temporada de estreia na F\u00f3rmula E<\/span>\n                            <\/figcaption>\n                        <\/figure>\n                    <\/a>\n                <\/article>\n            <\/li>\n                    <li>\n                <article>\n                    <a href=\"https:\/\/grandepremio.com\/br\/formula-e\/lucas-di-grassi-diz-despedida-nao-foi-sonhos-exalta-feitos-historicos-lola-yamaha\/\" class=\"group block\">\n                        <figure>\n                            <div class=\"relative\">\n                                <img width=\"768\" height=\"512\" src=\"https:\/\/grandepremio.com\/wp-content\/uploads\/2026\/08\/HPwCOfAWYAEaFA3-768x512.jpeg\" class=\"w-full aspect-video object-cover rounded-lg\" alt=\"\" loading=\"lazy\" decoding=\"async\" sizes=\"(max-width: 768px) 50vw, (max-width: 1280px) 25vw, 300px\" srcset=\"https:\/\/grandepremio.com\/wp-content\/uploads\/2026\/08\/HPwCOfAWYAEaFA3-768x512.jpeg 768w, https:\/\/grandepremio.com\/wp-content\/uploads\/2026\/08\/HPwCOfAWYAEaFA3-300x200.jpeg 300w, https:\/\/grandepremio.com\/wp-content\/uploads\/2026\/08\/HPwCOfAWYAEaFA3-1024x683.jpeg 1024w, https:\/\/grandepremio.com\/wp-content\/uploads\/2026\/08\/HPwCOfAWYAEaFA3-1536x1025.jpeg 1536w, https:\/\/grandepremio.com\/wp-content\/uploads\/2026\/08\/HPwCOfAWYAEaFA3-150x100.jpeg 150w, https:\/\/grandepremio.com\/wp-content\/uploads\/2026\/08\/HPwCOfAWYAEaFA3.jpeg 2048w\" \/>                                                            <\/div>\n                            <figcaption class=\"mt-2\">\n                                                                                                <span class=\"md:text-lg font-bold group-hover:underline\">Di Grassi diz que despedida &quot;n\u00e3o foi dos sonhos&quot;, mas exalta feitos hist\u00f3ricos na Lola Yamaha<\/span>\n                            <\/figcaption>\n                        <\/figure>\n                    <\/a>\n                <\/article>\n            <\/li>\n                    <li>\n                <article>\n                    <a href=\"https:\/\/grandepremio.com\/br\/formula-e\/jaguar-destaca-parceria-antonio-felix-da-costa-mitch-evans-titulo-equipes-impressionante\/\" class=\"group block\">\n                        <figure>\n                            <div class=\"relative\">\n                                <img width=\"768\" height=\"512\" src=\"https:\/\/grandepremio.com\/wp-content\/uploads\/2026\/08\/J_TCS_Racing_S12_WorldChampions_London_160826_003-768x512.jpg\" class=\"w-full aspect-video object-cover rounded-lg\" alt=\"\" loading=\"lazy\" decoding=\"async\" sizes=\"(max-width: 768px) 50vw, (max-width: 1280px) 25vw, 300px\" srcset=\"https:\/\/grandepremio.com\/wp-content\/uploads\/2026\/08\/J_TCS_Racing_S12_WorldChampions_London_160826_003-768x512.jpg 768w, https:\/\/grandepremio.com\/wp-content\/uploads\/2026\/08\/J_TCS_Racing_S12_WorldChampions_London_160826_003-300x200.jpg 300w, https:\/\/grandepremio.com\/wp-content\/uploads\/2026\/08\/J_TCS_Racing_S12_WorldChampions_London_160826_003-1024x683.jpg 1024w, https:\/\/grandepremio.com\/wp-content\/uploads\/2026\/08\/J_TCS_Racing_S12_WorldChampions_London_160826_003-1536x1024.jpg 1536w, https:\/\/grandepremio.com\/wp-content\/uploads\/2026\/08\/J_TCS_Racing_S12_WorldChampions_London_160826_003-2048x1365.jpg 2048w, https:\/\/grandepremio.com\/wp-content\/uploads\/2026\/08\/J_TCS_Racing_S12_WorldChampions_London_160826_003-150x100.jpg 150w\" \/>                                                            <\/div>\n                            <figcaption class=\"mt-2\">\n                                                                                                <span class=\"md:text-lg font-bold group-hover:underline\">Jaguar destaca parceria entre Da Costa e Evans no t\u00edtulo de Equipes: &quot;Foi impressionante&quot;<\/span>\n                            <\/figcaption>\n                        <\/figure>\n                    <\/a>\n                <\/article>\n            <\/li>\n                    <li>\n                <article>\n                    <a href=\"https:\/\/grandepremio.com\/br\/formula-e\/pascal-wehrlein-critica-postura-antonio-felix-da-costa-jaguar-londres-tentaram-destruir-minha-corrida\/\" class=\"group block\">\n                        <figure>\n                            <div class=\"relative\">\n                                <img width=\"768\" height=\"512\" src=\"https:\/\/grandepremio.com\/wp-content\/uploads\/2026\/08\/2290720961-2048x2048-1-768x512.jpg\" class=\"w-full aspect-video object-cover rounded-lg\" alt=\"\" loading=\"lazy\" decoding=\"async\" sizes=\"(max-width: 768px) 50vw, (max-width: 1280px) 25vw, 300px\" srcset=\"https:\/\/grandepremio.com\/wp-content\/uploads\/2026\/08\/2290720961-2048x2048-1-768x512.jpg 768w, https:\/\/grandepremio.com\/wp-content\/uploads\/2026\/08\/2290720961-2048x2048-1-300x200.jpg 300w, https:\/\/grandepremio.com\/wp-content\/uploads\/2026\/08\/2290720961-2048x2048-1-1024x682.jpg 1024w, https:\/\/grandepremio.com\/wp-content\/uploads\/2026\/08\/2290720961-2048x2048-1-1536x1023.jpg 1536w, https:\/\/grandepremio.com\/wp-content\/uploads\/2026\/08\/2290720961-2048x2048-1-150x100.jpg 150w, https:\/\/grandepremio.com\/wp-content\/uploads\/2026\/08\/2290720961-2048x2048-1.jpg 2048w\" \/>                                                            <\/div>\n                            <figcaption class=\"mt-2\">\n                                                                                                <span class=\"md:text-lg font-bold group-hover:underline\">Wehrlein critica postura de Da Costa e Jaguar em Londres: &quot;Tentaram destruir minha corrida&quot;<\/span>\n                            <\/figcaption>\n                        <\/figure>\n                    <\/a>\n                <\/article>\n            <\/li>\n                    <li>\n                <article>\n                    <a href=\"https:\/\/grandepremio.com\/br\/formula-e\/norman-nato-confirma-saida-nissan-da-adeus-formula-e-hora-focar-outro-capitulo\/\" class=\"group block\">\n                        <figure>\n                            <div class=\"relative\">\n                                <img width=\"768\" height=\"512\" src=\"https:\/\/grandepremio.com\/wp-content\/uploads\/2026\/08\/2290569241-2048x2048-1-768x512.jpg\" class=\"w-full aspect-video object-cover rounded-lg\" alt=\"\" loading=\"lazy\" decoding=\"async\" sizes=\"(max-width: 768px) 50vw, (max-width: 1280px) 25vw, 300px\" srcset=\"https:\/\/grandepremio.com\/wp-content\/uploads\/2026\/08\/2290569241-2048x2048-1-768x512.jpg 768w, https:\/\/grandepremio.com\/wp-content\/uploads\/2026\/08\/2290569241-2048x2048-1-300x200.jpg 300w, https:\/\/grandepremio.com\/wp-content\/uploads\/2026\/08\/2290569241-2048x2048-1-1024x683.jpg 1024w, https:\/\/grandepremio.com\/wp-content\/uploads\/2026\/08\/2290569241-2048x2048-1-1536x1025.jpg 1536w, https:\/\/grandepremio.com\/wp-content\/uploads\/2026\/08\/2290569241-2048x2048-1-150x100.jpg 150w, https:\/\/grandepremio.com\/wp-content\/uploads\/2026\/08\/2290569241-2048x2048-1.jpg 2048w\" \/>                                                            <\/div>\n                            <figcaption class=\"mt-2\">\n                                                                                                <span class=\"md:text-lg font-bold group-hover:underline\">Nato confirma sa\u00edda da Nissan e d\u00e1 adeus \u00e0 F\u00f3rmula E: &quot;Hora de focar em outro cap\u00edtulo&quot;<\/span>\n                            <\/figcaption>\n                        <\/figure>\n                    <\/a>\n                <\/article>\n            <\/li>\n                    <li>\n                <article>\n                    <a href=\"https:\/\/grandepremio.com\/br\/formula-e\/pascal-wehrlein-punicao-batida-perde-3-posicoes-grid-abertura-formula-e-2026-27\/\" class=\"group block\">\n                        <figure>\n                            <div class=\"relative\">\n                                <img width=\"768\" height=\"512\" src=\"https:\/\/grandepremio.com\/wp-content\/uploads\/2026\/08\/2290594888-2048x2048-1-768x512.jpg\" class=\"w-full aspect-video object-cover rounded-lg\" alt=\"\" loading=\"lazy\" decoding=\"async\" sizes=\"(max-width: 768px) 50vw, (max-width: 1280px) 25vw, 300px\" srcset=\"https:\/\/grandepremio.com\/wp-content\/uploads\/2026\/08\/2290594888-2048x2048-1-768x512.jpg 768w, https:\/\/grandepremio.com\/wp-content\/uploads\/2026\/08\/2290594888-2048x2048-1-300x200.jpg 300w, https:\/\/grandepremio.com\/wp-content\/uploads\/2026\/08\/2290594888-2048x2048-1-1024x683.jpg 1024w, https:\/\/grandepremio.com\/wp-content\/uploads\/2026\/08\/2290594888-2048x2048-1-1536x1024.jpg 1536w, https:\/\/grandepremio.com\/wp-content\/uploads\/2026\/08\/2290594888-2048x2048-1-150x100.jpg 150w, https:\/\/grandepremio.com\/wp-content\/uploads\/2026\/08\/2290594888-2048x2048-1.jpg 2048w\" \/>                                                            <\/div>\n                            <figcaption class=\"mt-2\">\n                                                                                                <span class=\"md:text-lg font-bold group-hover:underline\">Wehrlein leva puni\u00e7\u00e3o por batida e perde 3 posi\u00e7\u00f5es no grid na abertura da F\u00f3rmula E 2026\/27<\/span>\n                            <\/figcaption>\n                        <\/figure>\n                    <\/a>\n                <\/article>\n            <\/li>\n                    <li>\n                <article>\n                    <a href=\"https:\/\/grandepremio.com\/br\/formula-e\/mitch-evans-culpa-barreira-policial-nico-muller-londres-fim-ciclo-sem-titulo-jaguar\/\" class=\"group block\">\n                        <figure>\n                            <div class=\"relative\">\n                                <img width=\"768\" height=\"512\" src=\"https:\/\/grandepremio.com\/wp-content\/uploads\/2026\/08\/2290725160-2048x2048-1-768x512.jpg\" class=\"w-full aspect-video object-cover rounded-lg\" alt=\"\" loading=\"lazy\" decoding=\"async\" sizes=\"(max-width: 768px) 50vw, (max-width: 1280px) 25vw, 300px\" srcset=\"https:\/\/grandepremio.com\/wp-content\/uploads\/2026\/08\/2290725160-2048x2048-1-768x512.jpg 768w, https:\/\/grandepremio.com\/wp-content\/uploads\/2026\/08\/2290725160-2048x2048-1-300x200.jpg 300w, https:\/\/grandepremio.com\/wp-content\/uploads\/2026\/08\/2290725160-2048x2048-1-1024x683.jpg 1024w, https:\/\/grandepremio.com\/wp-content\/uploads\/2026\/08\/2290725160-2048x2048-1-1536x1024.jpg 1536w, https:\/\/grandepremio.com\/wp-content\/uploads\/2026\/08\/2290725160-2048x2048-1-150x100.jpg 150w, https:\/\/grandepremio.com\/wp-content\/uploads\/2026\/08\/2290725160-2048x2048-1.jpg 2048w\" \/>                                                            <\/div>\n                            <figcaption class=\"mt-2\">\n                                                                                                <span class=\"md:text-lg font-bold group-hover:underline\">Evans culpa \u201cbarreira policial\u201d de M\u00fcller em Londres por fim de ciclo sem t\u00edtulo na Jaguar<\/span>\n                            <\/figcaption>\n                        <\/figure>\n                    <\/a>\n                <\/article>\n            <\/li>\n                    <li>\n                <article>\n                    <a href=\"https:\/\/grandepremio.com\/br\/formula-e\/ph-marum-ressentimento-pascal-wehrlein-incompativel-tudo-aconteceu-londres\/\" class=\"group block\">\n                        <figure>\n                            <div class=\"relative\">\n                                <img width=\"768\" height=\"480\" src=\"https:\/\/grandepremio.com\/wp-content\/uploads\/2026\/07\/338060_1535x1920-768x480.jpg\" class=\"w-full aspect-video object-cover rounded-lg\" alt=\"\" loading=\"lazy\" decoding=\"async\" sizes=\"(max-width: 768px) 50vw, (max-width: 1280px) 25vw, 300px\" srcset=\"https:\/\/grandepremio.com\/wp-content\/uploads\/2026\/07\/338060_1535x1920-768x480.jpg 768w, https:\/\/grandepremio.com\/wp-content\/uploads\/2026\/07\/338060_1535x1920-300x188.jpg 300w, https:\/\/grandepremio.com\/wp-content\/uploads\/2026\/07\/338060_1535x1920-1024x640.jpg 1024w, https:\/\/grandepremio.com\/wp-content\/uploads\/2026\/07\/338060_1535x1920-150x94.jpg 150w, https:\/\/grandepremio.com\/wp-content\/uploads\/2026\/07\/338060_1535x1920.jpg 1535w\" \/>                                                            <\/div>\n                            <figcaption class=\"mt-2\">\n                                                                                                <span class=\"md:text-lg font-bold group-hover:underline\">PH Marum: &quot;Ressentimento de Wehrlein \u00e9 incompat\u00edvel com tudo que aconteceu no eP de Londres&quot;<\/span>\n                            <\/figcaption>\n                        <\/figure>\n                    <\/a>\n                <\/article>\n            <\/li>\n                    <li>\n                <article>\n                    <a href=\"https:\/\/grandepremio.com\/br\/formula-e\/jake-dennis-acusa-pascal-wehrlein-joga-lo-muro-londres-detona-vergonhoso\/\" class=\"group block\">\n                        <figure>\n                            <div class=\"relative\">\n                                <img width=\"768\" height=\"512\" src=\"https:\/\/grandepremio.com\/wp-content\/uploads\/2026\/08\/2290683703-2048x2048-1-768x512.jpg\" class=\"w-full aspect-video object-cover rounded-lg\" alt=\"\" loading=\"lazy\" decoding=\"async\" sizes=\"(max-width: 768px) 50vw, (max-width: 1280px) 25vw, 300px\" srcset=\"https:\/\/grandepremio.com\/wp-content\/uploads\/2026\/08\/2290683703-2048x2048-1-768x512.jpg 768w, https:\/\/grandepremio.com\/wp-content\/uploads\/2026\/08\/2290683703-2048x2048-1-300x200.jpg 300w, https:\/\/grandepremio.com\/wp-content\/uploads\/2026\/08\/2290683703-2048x2048-1-1024x683.jpg 1024w, https:\/\/grandepremio.com\/wp-content\/uploads\/2026\/08\/2290683703-2048x2048-1-1536x1024.jpg 1536w, https:\/\/grandepremio.com\/wp-content\/uploads\/2026\/08\/2290683703-2048x2048-1-150x100.jpg 150w, https:\/\/grandepremio.com\/wp-content\/uploads\/2026\/08\/2290683703-2048x2048-1.jpg 2048w\" \/>                                                            <\/div>\n                            <figcaption class=\"mt-2\">\n                                                                                                <span class=\"md:text-lg font-bold group-hover:underline\">Dennis acusa Wehrlein de jog\u00e1-lo no muro em Londres e detona: &quot;Foi vergonhoso&quot;<\/span>\n                            <\/figcaption>\n                        <\/figure>\n                    <\/a>\n                <\/article>\n            <\/li>\n                    <li>\n                <article>\n                    <a href=\"https:\/\/grandepremio.com\/br\/formula-e\/maximilian-gunther-confirma-saida-ds-penske-final-temporada-2025-26-capitulo-incrivel\/\" class=\"group block\">\n                        <figure>\n                            <div class=\"relative\">\n                                <img width=\"768\" height=\"432\" src=\"https:\/\/grandepremio.com\/wp-content\/uploads\/2026\/08\/2290695954-768x432.webp\" class=\"w-full aspect-video object-cover rounded-lg\" alt=\"\" loading=\"lazy\" decoding=\"async\" sizes=\"(max-width: 768px) 50vw, (max-width: 1280px) 25vw, 300px\" srcset=\"https:\/\/grandepremio.com\/wp-content\/uploads\/2026\/08\/2290695954-768x432.webp 768w, https:\/\/grandepremio.com\/wp-content\/uploads\/2026\/08\/2290695954-300x169.webp 300w, https:\/\/grandepremio.com\/wp-content\/uploads\/2026\/08\/2290695954-1024x576.webp 1024w, https:\/\/grandepremio.com\/wp-content\/uploads\/2026\/08\/2290695954-1200x675.webp 1200w, https:\/\/grandepremio.com\/wp-content\/uploads\/2026\/08\/2290695954-150x84.webp 150w, https:\/\/grandepremio.com\/wp-content\/uploads\/2026\/08\/2290695954.webp 1440w\" \/>                                                            <\/div>\n                            <figcaption class=\"mt-2\">\n                                                                                                <span class=\"md:text-lg font-bold group-hover:underline\">G\u00fcnther confirma sa\u00edda da DS Penske ao final da temporada 2025\/26: &quot;Cap\u00edtulo incr\u00edvel&quot;<\/span>\n                            <\/figcaption>\n                        <\/figure>\n                    <\/a>\n                <\/article>\n            <\/li>\n                    <li>\n                <article>\n                    <a href=\"https:\/\/grandepremio.com\/br\/formula-e\/taylor-barnard-faz-historia-londres-vira-vencedor-mais-jovem-historia-formula-e\/\" class=\"group block\">\n                        <figure>\n                            <div class=\"relative\">\n                                <img width=\"768\" height=\"432\" src=\"https:\/\/grandepremio.com\/wp-content\/uploads\/2026\/08\/2290727021-768x432.webp\" class=\"w-full aspect-video object-cover rounded-lg\" alt=\"\" loading=\"lazy\" decoding=\"async\" sizes=\"(max-width: 768px) 50vw, (max-width: 1280px) 25vw, 300px\" srcset=\"https:\/\/grandepremio.com\/wp-content\/uploads\/2026\/08\/2290727021-768x432.webp 768w, https:\/\/grandepremio.com\/wp-content\/uploads\/2026\/08\/2290727021-300x169.webp 300w, https:\/\/grandepremio.com\/wp-content\/uploads\/2026\/08\/2290727021-1024x576.webp 1024w, https:\/\/grandepremio.com\/wp-content\/uploads\/2026\/08\/2290727021-1200x675.webp 1200w, https:\/\/grandepremio.com\/wp-content\/uploads\/2026\/08\/2290727021-150x84.webp 150w, https:\/\/grandepremio.com\/wp-content\/uploads\/2026\/08\/2290727021.webp 1280w\" \/>                                                            <\/div>\n                            <figcaption class=\"mt-2\">\n                                                                                                <span class=\"md:text-lg font-bold group-hover:underline\">Barnard faz hist\u00f3ria em Londres e vira vencedor mais jovem da hist\u00f3ria da F\u00f3rmula E<\/span>\n                            <\/figcaption>\n                        <\/figure>\n                    <\/a>\n                <\/article>\n            <\/li>\n                    <li>\n                <article>\n                    <a href=\"https:\/\/grandepremio.com\/br\/formula-e\/pascal-wehrlein-salva-rebulico-tira-jake-dennis-leva-bi-classificacao-final-formula-e\/\" class=\"group block\">\n                        <figure>\n                            <div class=\"relative\">\n                                <img width=\"768\" height=\"512\" src=\"https:\/\/grandepremio.com\/wp-content\/uploads\/2026\/08\/HP3EU0EWwAA4OE2-768x512.jpeg\" class=\"w-full aspect-video object-cover rounded-lg\" alt=\"\" loading=\"lazy\" decoding=\"async\" sizes=\"(max-width: 768px) 50vw, (max-width: 1280px) 25vw, 300px\" srcset=\"https:\/\/grandepremio.com\/wp-content\/uploads\/2026\/08\/HP3EU0EWwAA4OE2-768x512.jpeg 768w, https:\/\/grandepremio.com\/wp-content\/uploads\/2026\/08\/HP3EU0EWwAA4OE2-300x200.jpeg 300w, https:\/\/grandepremio.com\/wp-content\/uploads\/2026\/08\/HP3EU0EWwAA4OE2-1024x683.jpeg 1024w, https:\/\/grandepremio.com\/wp-content\/uploads\/2026\/08\/HP3EU0EWwAA4OE2-1536x1025.jpeg 1536w, https:\/\/grandepremio.com\/wp-content\/uploads\/2026\/08\/HP3EU0EWwAA4OE2-2048x1366.jpeg 2048w, https:\/\/grandepremio.com\/wp-content\/uploads\/2026\/08\/HP3EU0EWwAA4OE2-150x100.jpeg 150w\" \/>                                                            <\/div>\n                            <figcaption class=\"mt-2\">\n                                                                                                <span class=\"md:text-lg font-bold group-hover:underline\">Wehrlein se salva em rebuli\u00e7o, tira Dennis e leva bi. Confira classifica\u00e7\u00e3o final da F\u00f3rmula E<\/span>\n                            <\/figcaption>\n                        <\/figure>\n                    <\/a>\n                <\/article>\n            <\/li>\n                    <li>\n                <article>\n                    <a href=\"https:\/\/grandepremio.com\/br\/formula-e\/pascal-wehrlein-iguala-jean-eric-vergne-torna-2o-bicampeao-historia-formula-e\/\" class=\"group block\">\n                        <figure>\n                            <div class=\"relative\">\n                                <img width=\"768\" height=\"432\" src=\"https:\/\/grandepremio.com\/wp-content\/uploads\/2026\/08\/2290733078-768x432.webp\" class=\"w-full aspect-video object-cover rounded-lg\" alt=\"\" loading=\"lazy\" decoding=\"async\" sizes=\"(max-width: 768px) 50vw, (max-width: 1280px) 25vw, 300px\" srcset=\"https:\/\/grandepremio.com\/wp-content\/uploads\/2026\/08\/2290733078-768x432.webp 768w, https:\/\/grandepremio.com\/wp-content\/uploads\/2026\/08\/2290733078-300x169.webp 300w, https:\/\/grandepremio.com\/wp-content\/uploads\/2026\/08\/2290733078-1024x576.webp 1024w, https:\/\/grandepremio.com\/wp-content\/uploads\/2026\/08\/2290733078-1200x675.webp 1200w, https:\/\/grandepremio.com\/wp-content\/uploads\/2026\/08\/2290733078-150x84.webp 150w, https:\/\/grandepremio.com\/wp-content\/uploads\/2026\/08\/2290733078.webp 1440w\" \/>                                                            <\/div>\n                            <figcaption class=\"mt-2\">\n                                                                                                <span class=\"md:text-lg font-bold group-hover:underline\">Wehrlein iguala Vergne e se torna 2\u00ba bicampe\u00e3o da hist\u00f3ria da F\u00f3rmula E<\/span>\n                            <\/figcaption>\n                        <\/figure>\n                    <\/a>\n                <\/article>\n            <\/li>\n                    <li>\n                <article>\n                    <a href=\"https:\/\/grandepremio.com\/br\/formula-e\/taylor-barnard-entrega-emocao-apos-1a-vitoria-formula-e-muito-tempo-nao-chorava\/\" class=\"group block\">\n                        <figure>\n                            <div class=\"relative\">\n                                <img width=\"768\" height=\"512\" src=\"https:\/\/grandepremio.com\/wp-content\/uploads\/2026\/08\/2290722981-2048x2048-1-768x512.jpg\" class=\"w-full aspect-video object-cover rounded-lg\" alt=\"\" loading=\"lazy\" decoding=\"async\" sizes=\"(max-width: 768px) 50vw, (max-width: 1280px) 25vw, 300px\" srcset=\"https:\/\/grandepremio.com\/wp-content\/uploads\/2026\/08\/2290722981-2048x2048-1-768x512.jpg 768w, https:\/\/grandepremio.com\/wp-content\/uploads\/2026\/08\/2290722981-2048x2048-1-300x200.jpg 300w, https:\/\/grandepremio.com\/wp-content\/uploads\/2026\/08\/2290722981-2048x2048-1-1024x683.jpg 1024w, https:\/\/grandepremio.com\/wp-content\/uploads\/2026\/08\/2290722981-2048x2048-1-1536x1024.jpg 1536w, https:\/\/grandepremio.com\/wp-content\/uploads\/2026\/08\/2290722981-2048x2048-1-150x100.jpg 150w, https:\/\/grandepremio.com\/wp-content\/uploads\/2026\/08\/2290722981-2048x2048-1.jpg 2048w\" \/>                                                            <\/div>\n                            <figcaption class=\"mt-2\">\n                                                                                                <span class=\"md:text-lg font-bold group-hover:underline\">Barnard se entrega \u00e0 emo\u00e7\u00e3o ap\u00f3s 1\u00aa vit\u00f3ria na F\u00f3rmula E: &quot;Muito tempo que n\u00e3o chorava&quot;<\/span>\n                            <\/figcaption>\n                        <\/figure>\n                    <\/a>\n                <\/article>\n            <\/li>\n                    <li>\n                <article>\n                    <a href=\"https:\/\/grandepremio.com\/br\/formula-e\/pascal-wehrlein-fecha-ano-3-vitorias-confira-lista-vencedores-formula-e-2025-26\/\" class=\"group block\">\n                        <figure>\n                            <div class=\"relative\">\n                                <img width=\"768\" height=\"526\" src=\"https:\/\/grandepremio.com\/wp-content\/uploads\/2026\/08\/Pascal-Wehrlein-eP-de-Londres-corrida-2-Porsche-Formula-E-2025-26-768x526.jpg\" class=\"w-full aspect-video object-cover rounded-lg\" alt=\"\" loading=\"lazy\" decoding=\"async\" sizes=\"(max-width: 768px) 50vw, (max-width: 1280px) 25vw, 300px\" srcset=\"https:\/\/grandepremio.com\/wp-content\/uploads\/2026\/08\/Pascal-Wehrlein-eP-de-Londres-corrida-2-Porsche-Formula-E-2025-26-768x526.jpg 768w, https:\/\/grandepremio.com\/wp-content\/uploads\/2026\/08\/Pascal-Wehrlein-eP-de-Londres-corrida-2-Porsche-Formula-E-2025-26-300x205.jpg 300w, https:\/\/grandepremio.com\/wp-content\/uploads\/2026\/08\/Pascal-Wehrlein-eP-de-Londres-corrida-2-Porsche-Formula-E-2025-26-1024x701.jpg 1024w, https:\/\/grandepremio.com\/wp-content\/uploads\/2026\/08\/Pascal-Wehrlein-eP-de-Londres-corrida-2-Porsche-Formula-E-2025-26-1536x1052.jpg 1536w, https:\/\/grandepremio.com\/wp-content\/uploads\/2026\/08\/Pascal-Wehrlein-eP-de-Londres-corrida-2-Porsche-Formula-E-2025-26-150x103.jpg 150w, https:\/\/grandepremio.com\/wp-content\/uploads\/2026\/08\/Pascal-Wehrlein-eP-de-Londres-corrida-2-Porsche-Formula-E-2025-26.jpg 2048w\" \/>                                                            <\/div>\n                            <figcaption class=\"mt-2\">\n                                                                                                <span class=\"md:text-lg font-bold group-hover:underline\">Wehrlein fecha ano com 3 vit\u00f3rias. Confira lista de vencedores da F\u00f3rmula E 2025\/26<\/span>\n                            <\/figcaption>\n                        <\/figure>\n                    <\/a>\n                <\/article>\n            <\/li>\n                    <li>\n                <article>\n                    <a href=\"https:\/\/grandepremio.com\/br\/formula-e\/pascal-wehrlein-jura-antonio-felix-da-costa-disputa-ferrenha-londres-nao-vou-esquecer\/\" class=\"group block\">\n                        <figure>\n                            <div class=\"relative\">\n                                <img width=\"768\" height=\"480\" src=\"https:\/\/grandepremio.com\/wp-content\/uploads\/2026\/07\/2267697822-2048x2048-1-768x480.jpg\" class=\"w-full aspect-video object-cover rounded-lg\" alt=\"\" loading=\"lazy\" decoding=\"async\" sizes=\"(max-width: 768px) 50vw, (max-width: 1280px) 25vw, 300px\" srcset=\"https:\/\/grandepremio.com\/wp-content\/uploads\/2026\/07\/2267697822-2048x2048-1-768x480.jpg 768w, https:\/\/grandepremio.com\/wp-content\/uploads\/2026\/07\/2267697822-2048x2048-1-300x188.jpg 300w, https:\/\/grandepremio.com\/wp-content\/uploads\/2026\/07\/2267697822-2048x2048-1-1024x640.jpg 1024w, https:\/\/grandepremio.com\/wp-content\/uploads\/2026\/07\/2267697822-2048x2048-1-150x94.jpg 150w, https:\/\/grandepremio.com\/wp-content\/uploads\/2026\/07\/2267697822-2048x2048-1.jpg 1262w\" \/>                                                            <\/div>\n                            <figcaption class=\"mt-2\">\n                                                                                                <span class=\"md:text-lg font-bold group-hover:underline\">Wehrlein jura Da Costa ap\u00f3s disputa ferrenha em Londres: &quot;N\u00e3o vou esquecer&quot;<\/span>\n                            <\/figcaption>\n                        <\/figure>\n                    <\/a>\n                <\/article>\n            <\/li>\n                    <li>\n                <article>\n                    <a href=\"https:\/\/grandepremio.com\/br\/formula-e\/jaguar-segura-porsche-londres-garante-bi-mundial-de-equipes-formula-e\/\" class=\"group block\">\n                        <figure>\n                            <div class=\"relative\">\n                                <img width=\"768\" height=\"524\" src=\"https:\/\/grandepremio.com\/wp-content\/uploads\/2026\/08\/2290594073-2048x2048-1-768x524.jpg\" class=\"w-full aspect-video object-cover rounded-lg\" alt=\"\" loading=\"lazy\" decoding=\"async\" sizes=\"(max-width: 768px) 50vw, (max-width: 1280px) 25vw, 300px\" srcset=\"https:\/\/grandepremio.com\/wp-content\/uploads\/2026\/08\/2290594073-2048x2048-1-768x524.jpg 768w, https:\/\/grandepremio.com\/wp-content\/uploads\/2026\/08\/2290594073-2048x2048-1-300x205.jpg 300w, https:\/\/grandepremio.com\/wp-content\/uploads\/2026\/08\/2290594073-2048x2048-1-1024x699.jpg 1024w, https:\/\/grandepremio.com\/wp-content\/uploads\/2026\/08\/2290594073-2048x2048-1-1536x1049.jpg 1536w, https:\/\/grandepremio.com\/wp-content\/uploads\/2026\/08\/2290594073-2048x2048-1-150x102.jpg 150w, https:\/\/grandepremio.com\/wp-content\/uploads\/2026\/08\/2290594073-2048x2048-1.jpg 2048w\" \/>                                                            <\/div>\n                            <figcaption class=\"mt-2\">\n                                                                                                <span class=\"md:text-lg font-bold group-hover:underline\">Jaguar segura Porsche em Londres e garante bi do Mundial de Equipes da F\u00f3rmula E<\/span>\n                            <\/figcaption>\n                        <\/figure>\n                    <\/a>\n                <\/article>\n            <\/li>\n                    <li>\n                <article>\n                    <a href=\"https:\/\/grandepremio.com\/br\/formula-e\/pascal-wehrlein-festeja-corrida-incrivel-dedica-titulo-porsche-sob-pressao-somos-melhores\/\" class=\"group block\">\n                        <figure>\n                            <div class=\"relative\">\n                                <img width=\"768\" height=\"512\" src=\"https:\/\/grandepremio.com\/wp-content\/uploads\/2026\/08\/2290598084-2048x2048-1-768x512.jpg\" class=\"w-full aspect-video object-cover rounded-lg\" alt=\"\" loading=\"lazy\" decoding=\"async\" sizes=\"(max-width: 768px) 50vw, (max-width: 1280px) 25vw, 300px\" srcset=\"https:\/\/grandepremio.com\/wp-content\/uploads\/2026\/08\/2290598084-2048x2048-1-768x512.jpg 768w, https:\/\/grandepremio.com\/wp-content\/uploads\/2026\/08\/2290598084-2048x2048-1-300x200.jpg 300w, https:\/\/grandepremio.com\/wp-content\/uploads\/2026\/08\/2290598084-2048x2048-1-1024x683.jpg 1024w, https:\/\/grandepremio.com\/wp-content\/uploads\/2026\/08\/2290598084-2048x2048-1-1536x1024.jpg 1536w, https:\/\/grandepremio.com\/wp-content\/uploads\/2026\/08\/2290598084-2048x2048-1-150x100.jpg 150w, https:\/\/grandepremio.com\/wp-content\/uploads\/2026\/08\/2290598084-2048x2048-1.jpg 2048w\" \/>                                                            <\/div>\n                            <figcaption class=\"mt-2\">\n                                                                                                <span class=\"md:text-lg font-bold group-hover:underline\">Wehrlein festeja corrida &quot;incr\u00edvel&quot; e dedica t\u00edtulo a Porsche: &quot;Sob press\u00e3o, somos melhores&quot;<\/span>\n                            <\/figcaption>\n                        <\/figure>\n                    <\/a>\n                <\/article>\n            <\/li>\n            <\/ul>\n<\/div>\n\n\n\n<section class=\"container mx-auto px-4 py-8\" class=\"wp-block-fortytwo-most-read\">\n    <div class=\"mb-8\">\n        \n<div class=\"flex items-center gap-2 mb-6\">\n    \n    <h2 class=\"text-xl md:text-2xl lg:text-3xl font-bold flex items-center gap-2 my-0!\">\n        Mais Lidos    <\/h2>\n<\/div>\n    <\/div>\n\n    <div class=\"grid grid-cols-1 lg:grid-cols-2 gap-x-12 gap-y-8\">\n        \n<article class=\"relative group flex w-full transition-transform duration-200 flex-row items-center bg-transparent items-center gap-4 group cursor-default\">\n                        <a\n                        href=\"https:\/\/grandepremio.com\/br\/formula-e\/sebastien-buemi-nega-aposentadoria-formula-e-apos-saida-envision-diferente-lucas-di-grassi\/\"\n                        class=\"flex items-center gap-4 no-underline text-inherit w-full\"\n                    >\n                        \n<div class=\"flex flex-col gap-1 text-neutral-900 flex-1 min-w-0 py-1 pl-0\">\n    \n<h2 class=\"text-base leading-tight tracking-tight mb-2 transition-colors duration-200 font-semibold text-neutral-800 line-clamp-2 group-hover:text-orange-600 text-base font-bold text-neutral-800 mb-2 line-clamp-2 group-hover:text-orange-600\">\n    Buemi nega aposentadoria da F\u00f3rmula E ap\u00f3s sa\u00edda da Envision: &quot;Diferente de Di Grassi&quot;<\/h2>\n\n                                <!-- Meta Info com Ranking -->\n                                <div class=\"flex items-center flex-wrap gap-3 text-xs text-neutral-500\">\n                                    <span class=\"flex items-center justify-center w-6 h-6 rounded bg-red-50 text-red-500 font-bold shrink-0\">\n                                        1                                    <\/span>\n\n                                                                            <span class=\"w-px h-3 bg-neutral-300 hidden sm:block\"><\/span>\n                                                                            <div class=\"hidden sm:flex\">\n                                            \n<div class=\"flex items-center gap-1 \">\n    \n    <span class=\"text-xs font-semibold\">\n        Fabr\u00edcio Carvalho, do Rio de Janeiro    <\/span>\n<\/div>\n                                        <\/div>\n                                    \n<div class=\"flex items-center gap-1 text-xs opacity-90 hidden sm:flex\">\n                                                        <time class=\"flex items-center gap-1\">\n                                                        <svg xmlns=\"http:\/\/www.w3.org\/2000\/svg\" width=\"24\" height=\"24\" viewbox=\"0 0 24 24\" fill=\"none\" stroke=\"currentColor\" stroke-width=\"2\" stroke-linecap=\"round\" stroke-linejoin=\"round\" class=\"lucide lucide-clock  size-4\" aria-hidden=\"true\"><path d=\"M12 6v6l4 2\"><\/path><circle cx=\"12\" cy=\"12\" r=\"10\"><\/circle><\/svg>                                                        3 min                                                    <\/time>\n                                                                                                    <span class=\"mx-1\">\u2022<\/span>\n                                                                                                    <span>\n                                                        5d atr\u00e1s                                                    <\/span>\n                                                <\/div>\n                                <\/div>\n                                <\/div>\n\n                        <!-- Image (menor, no lado direito) -->\n                        <div class=\"w-32 h-20 shrink-0\">\n                            \n<div class=\"overflow-hidden rounded-xl bg-neutral-200 relative  h-full rounded-lg\">\n            <img decoding=\"async\"\n            src=\"https:\/\/grandepremio.com\/wp-content\/uploads\/2026\/06\/2282435534-1000x1000-1.jpg\"\n            alt=\"Buemi nega aposentadoria da F\u00f3rmula E ap\u00f3s sa\u00edda da Envision: &quot;Diferente de Di Grassi&quot;\"\n            loading=\"lazy\"\n            class=\"m-0! w-full h-full object-cover transition-transform duration-500 group-hover:scale-105\"\n        \/>\n    \n    <\/div>\n                        <\/div>\n                    <\/a>\n                    <\/article>\n\n<article class=\"relative group flex w-full transition-transform duration-200 flex-row items-center bg-transparent items-center gap-4 group cursor-default\">\n                        <a\n                        href=\"https:\/\/grandepremio.com\/br\/formula-e\/nissan-escolhe-zane-maloney-dupla-oliver-rowland-estreia-gen4-formula-e\/\"\n                        class=\"flex items-center gap-4 no-underline text-inherit w-full\"\n                    >\n                        \n<div class=\"flex flex-col gap-1 text-neutral-900 flex-1 min-w-0 py-1 pl-0\">\n    \n<h2 class=\"text-base leading-tight tracking-tight mb-2 transition-colors duration-200 font-semibold text-neutral-800 line-clamp-2 group-hover:text-orange-600 text-base font-bold text-neutral-800 mb-2 line-clamp-2 group-hover:text-orange-600\">\n    Nissan escolhe Maloney e fecha dupla com Rowland para estreia da era Gen4 na F\u00f3rmula E<\/h2>\n\n                                <!-- Meta Info com Ranking -->\n                                <div class=\"flex items-center flex-wrap gap-3 text-xs text-neutral-500\">\n                                    <span class=\"flex items-center justify-center w-6 h-6 rounded bg-red-50 text-red-500 font-bold shrink-0\">\n                                        2                                    <\/span>\n\n                                                                            <span class=\"w-px h-3 bg-neutral-300 hidden sm:block\"><\/span>\n                                                                            <div class=\"hidden sm:flex\">\n                                            \n<div class=\"flex items-center gap-1 \">\n                        <img decoding=\"async\"\n                alt=\"JP Nascimento\"\n                src=\"https:\/\/grandepremio.com\/wp-content\/uploads\/2026\/07\/1-9cd074a8-af92-46f0-8ee2-ed9c6040eb58.webp\"\n                class=\"\n                    w-6 h-6                    rounded-full object-cover ring-2 ring-white border border-white\/20\n                \"\n            \/>\n            \n    <span class=\"text-xs font-semibold\">\n        JP Nascimento, do Rio de Janeiro    <\/span>\n<\/div>\n                                        <\/div>\n                                    \n<div class=\"flex items-center gap-1 text-xs opacity-90 hidden sm:flex\">\n                                                        <time class=\"flex items-center gap-1\">\n                                                        <svg xmlns=\"http:\/\/www.w3.org\/2000\/svg\" width=\"24\" height=\"24\" viewbox=\"0 0 24 24\" fill=\"none\" stroke=\"currentColor\" stroke-width=\"2\" stroke-linecap=\"round\" stroke-linejoin=\"round\" class=\"lucide lucide-clock  size-4\" aria-hidden=\"true\"><path d=\"M12 6v6l4 2\"><\/path><circle cx=\"12\" cy=\"12\" r=\"10\"><\/circle><\/svg>                                                        3 min                                                    <\/time>\n                                                                                                    <span class=\"mx-1\">\u2022<\/span>\n                                                                                                    <span>\n                                                        5d atr\u00e1s                                                    <\/span>\n                                                <\/div>\n                                <\/div>\n                                <\/div>\n\n                        <!-- Image (menor, no lado direito) -->\n                        <div class=\"w-32 h-20 shrink-0\">\n                            \n<div class=\"overflow-hidden rounded-xl bg-neutral-200 relative  h-full rounded-lg\">\n            <img decoding=\"async\"\n            src=\"https:\/\/grandepremio.com\/wp-content\/uploads\/2026\/08\/4.jpg\"\n            alt=\"Nissan escolhe Maloney e fecha dupla com Rowland para estreia da era Gen4 na F\u00f3rmula E\"\n            loading=\"lazy\"\n            class=\"m-0! w-full h-full object-cover transition-transform duration-500 group-hover:scale-105\"\n        \/>\n    \n    <\/div>\n                        <\/div>\n                    <\/a>\n                    <\/article>\n\n<article class=\"relative group flex w-full transition-transform duration-200 flex-row items-center bg-transparent items-center gap-4 group cursor-default\">\n                        <a\n                        href=\"https:\/\/grandepremio.com\/br\/formula-e\/opel-anuncia-contratacao-mitch-evans-para-temporada-2026-27-formula-e\/\"\n                        class=\"flex items-center gap-4 no-underline text-inherit w-full\"\n                    >\n                        \n<div class=\"flex flex-col gap-1 text-neutral-900 flex-1 min-w-0 py-1 pl-0\">\n    \n<h2 class=\"text-base leading-tight tracking-tight mb-2 transition-colors duration-200 font-semibold text-neutral-800 line-clamp-2 group-hover:text-orange-600 text-base font-bold text-neutral-800 mb-2 line-clamp-2 group-hover:text-orange-600\">\n    Opel anuncia contrata\u00e7\u00e3o de Evans para temporada 2026\/27 da F\u00f3rmula E<\/h2>\n\n                                <!-- Meta Info com Ranking -->\n                                <div class=\"flex items-center flex-wrap gap-3 text-xs text-neutral-500\">\n                                    <span class=\"flex items-center justify-center w-6 h-6 rounded bg-red-50 text-red-500 font-bold shrink-0\">\n                                        3                                    <\/span>\n\n                                                                            <span class=\"w-px h-3 bg-neutral-300 hidden sm:block\"><\/span>\n                                                                            <div class=\"hidden sm:flex\">\n                                            \n<div class=\"flex items-center gap-1 \">\n                        <img decoding=\"async\"\n                alt=\"Caio Cavalcante\"\n                src=\"https:\/\/grandepremio.com\/wp-content\/uploads\/2026\/07\/291740174170531.jpg\"\n                class=\"\n                    w-6 h-6                    rounded-full object-cover ring-2 ring-white border border-white\/20\n                \"\n            \/>\n            \n    <span class=\"text-xs font-semibold\">\n        Caio Cavalcante, do Rio de Janeiro    <\/span>\n<\/div>\n                                        <\/div>\n                                    \n<div class=\"flex items-center gap-1 text-xs opacity-90 hidden sm:flex\">\n                                                        <time class=\"flex items-center gap-1\">\n                                                        <svg xmlns=\"http:\/\/www.w3.org\/2000\/svg\" width=\"24\" height=\"24\" viewbox=\"0 0 24 24\" fill=\"none\" stroke=\"currentColor\" stroke-width=\"2\" stroke-linecap=\"round\" stroke-linejoin=\"round\" class=\"lucide lucide-clock  size-4\" aria-hidden=\"true\"><path d=\"M12 6v6l4 2\"><\/path><circle cx=\"12\" cy=\"12\" r=\"10\"><\/circle><\/svg>                                                        3 min                                                    <\/time>\n                                                                                                    <span class=\"mx-1\">\u2022<\/span>\n                                                                                                    <span>\n                                                        6d atr\u00e1s                                                    <\/span>\n                                                <\/div>\n                                <\/div>\n                                <\/div>\n\n                        <!-- Image (menor, no lado direito) -->\n                        <div class=\"w-32 h-20 shrink-0\">\n                            \n<div class=\"overflow-hidden rounded-xl bg-neutral-200 relative  h-full rounded-lg\">\n            <img decoding=\"async\"\n            src=\"https:\/\/grandepremio.com\/wp-content\/uploads\/2026\/08\/evans-opel.jpg\"\n            alt=\"Opel anuncia contrata\u00e7\u00e3o de Evans para temporada 2026\/27 da F\u00f3rmula E\"\n            loading=\"lazy\"\n            class=\"m-0! w-full h-full object-cover transition-transform duration-500 group-hover:scale-105\"\n        \/>\n    \n    <\/div>\n                        <\/div>\n                    <\/a>\n                    <\/article>\n\n<article class=\"relative group flex w-full transition-transform duration-200 flex-row items-center bg-transparent items-center gap-4 group cursor-default\">\n                        <a\n                        href=\"https:\/\/grandepremio.com\/br\/formula-e\/bicampeonato-porsche-reafirma-escolha-pascal-wehrlein-panteao-grandes-formula-e\/\"\n                        class=\"flex items-center gap-4 no-underline text-inherit w-full\"\n                    >\n                        \n<div class=\"flex flex-col gap-1 text-neutral-900 flex-1 min-w-0 py-1 pl-0\">\n    \n<h2 class=\"text-base leading-tight tracking-tight mb-2 transition-colors duration-200 font-semibold text-neutral-800 line-clamp-2 group-hover:text-orange-600 text-base font-bold text-neutral-800 mb-2 line-clamp-2 group-hover:text-orange-600\">\n    Bicampeonato pela Porsche reafirma escolha e p\u00f5e Wehrlein no pante\u00e3o dos grandes da F\u00f3rmula E<\/h2>\n\n                                <!-- Meta Info com Ranking -->\n                                <div class=\"flex items-center flex-wrap gap-3 text-xs text-neutral-500\">\n                                    <span class=\"flex items-center justify-center w-6 h-6 rounded bg-red-50 text-red-500 font-bold shrink-0\">\n                                        4                                    <\/span>\n\n                                                                            <span class=\"w-px h-3 bg-neutral-300 hidden sm:block\"><\/span>\n                                                                            <div class=\"hidden sm:flex\">\n                                            \n<div class=\"flex items-center gap-1 \">\n                        <img decoding=\"async\"\n                alt=\"Pedro Henrique Marum\"\n                src=\"https:\/\/grandepremio.com\/wp-content\/uploads\/2026\/07\/imagem_2026-07-21_111817561.png\"\n                class=\"\n                    w-6 h-6                    rounded-full object-cover ring-2 ring-white border border-white\/20\n                \"\n            \/>\n            \n    <span class=\"text-xs font-semibold\">\n        Pedro Henrique Marum, do Rio de Janeiro    <\/span>\n<\/div>\n                                        <\/div>\n                                    \n<div class=\"flex items-center gap-1 text-xs opacity-90 hidden sm:flex\">\n                                                        <time class=\"flex items-center gap-1\">\n                                                        <svg xmlns=\"http:\/\/www.w3.org\/2000\/svg\" width=\"24\" height=\"24\" viewbox=\"0 0 24 24\" fill=\"none\" stroke=\"currentColor\" stroke-width=\"2\" stroke-linecap=\"round\" stroke-linejoin=\"round\" class=\"lucide lucide-clock  size-4\" aria-hidden=\"true\"><path d=\"M12 6v6l4 2\"><\/path><circle cx=\"12\" cy=\"12\" r=\"10\"><\/circle><\/svg>                                                        5 min                                                    <\/time>\n                                                                                                    <span class=\"mx-1\">\u2022<\/span>\n                                                                                                    <span>\n                                                        2 semanas atr\u00e1s                                                    <\/span>\n                                                <\/div>\n                                <\/div>\n                                <\/div>\n\n                        <!-- Image (menor, no lado direito) -->\n                        <div class=\"w-32 h-20 shrink-0\">\n                            \n<div class=\"overflow-hidden rounded-xl bg-neutral-200 relative  h-full rounded-lg\">\n            <img decoding=\"async\"\n            src=\"https:\/\/grandepremio.com\/wp-content\/uploads\/2026\/03\/2267698988-2048x2048-1.jpg\"\n            alt=\"Bicampeonato pela Porsche reafirma escolha e p\u00f5e Wehrlein no pante\u00e3o dos grandes da F\u00f3rmula E\"\n            loading=\"lazy\"\n            class=\"m-0! w-full h-full object-cover transition-transform duration-500 group-hover:scale-105\"\n        \/>\n    \n    <\/div>\n                        <\/div>\n                    <\/a>\n                    <\/article>\n\n<article class=\"relative group flex w-full transition-transform duration-200 flex-row items-center bg-transparent items-center gap-4 group cursor-default\">\n                        <a\n                        href=\"https:\/\/grandepremio.com\/br\/formula-e\/pascal-wehrlein-bate-jake-dennis-sobrevive-londres-bicampeao-formula-e-taylor-barnard-vence\/\"\n                        class=\"flex items-center gap-4 no-underline text-inherit w-full\"\n                    >\n                        \n<div class=\"flex flex-col gap-1 text-neutral-900 flex-1 min-w-0 py-1 pl-0\">\n    \n<h2 class=\"text-base leading-tight tracking-tight mb-2 transition-colors duration-200 font-semibold text-neutral-800 line-clamp-2 group-hover:text-orange-600 text-base font-bold text-neutral-800 mb-2 line-clamp-2 group-hover:text-orange-600\">\n    Wehrlein bate em Dennis, mas sobrevive em Londres e \u00e9 bicampe\u00e3o da F\u00f3rmula E. Barnard vence<\/h2>\n\n                                <!-- Meta Info com Ranking -->\n                                <div class=\"flex items-center flex-wrap gap-3 text-xs text-neutral-500\">\n                                    <span class=\"flex items-center justify-center w-6 h-6 rounded bg-red-50 text-red-500 font-bold shrink-0\">\n                                        5                                    <\/span>\n\n                                                                            <span class=\"w-px h-3 bg-neutral-300 hidden sm:block\"><\/span>\n                                                                            <div class=\"hidden sm:flex\">\n                                            \n<div class=\"flex items-center gap-1 \">\n                        <img decoding=\"async\"\n                alt=\"Marcos Gil\"\n                src=\"https:\/\/grandepremio.com\/wp-content\/uploads\/2026\/07\/611757573_18556249276062783_3363900630877728253_n.jpg\"\n                class=\"\n                    w-6 h-6                    rounded-full object-cover ring-2 ring-white border border-white\/20\n                \"\n            \/>\n            \n    <span class=\"text-xs font-semibold\">\n        Marcos Gil, de S\u00e3o Paulo    <\/span>\n<\/div>\n                                        <\/div>\n                                    \n<div class=\"flex items-center gap-1 text-xs opacity-90 hidden sm:flex\">\n                                                        <time class=\"flex items-center gap-1\">\n                                                        <svg xmlns=\"http:\/\/www.w3.org\/2000\/svg\" width=\"24\" height=\"24\" viewbox=\"0 0 24 24\" fill=\"none\" stroke=\"currentColor\" stroke-width=\"2\" stroke-linecap=\"round\" stroke-linejoin=\"round\" class=\"lucide lucide-clock  size-4\" aria-hidden=\"true\"><path d=\"M12 6v6l4 2\"><\/path><circle cx=\"12\" cy=\"12\" r=\"10\"><\/circle><\/svg>                                                        10 min                                                    <\/time>\n                                                                                                    <span class=\"mx-1\">\u2022<\/span>\n                                                                                                    <span>\n                                                        2 semanas atr\u00e1s                                                    <\/span>\n                                                <\/div>\n                                <\/div>\n                                <\/div>\n\n                        <!-- Image (menor, no lado direito) -->\n                        <div class=\"w-32 h-20 shrink-0\">\n                            \n<div class=\"overflow-hidden rounded-xl bg-neutral-200 relative  h-full rounded-lg\">\n            <img decoding=\"async\"\n            src=\"https:\/\/grandepremio.com\/wp-content\/uploads\/2026\/08\/2290594888-2048x2048-1.jpg\"\n            alt=\"Wehrlein bate em Dennis, mas sobrevive em Londres e \u00e9 bicampe\u00e3o da F\u00f3rmula E. Barnard vence\"\n            loading=\"lazy\"\n            class=\"m-0! w-full h-full object-cover transition-transform duration-500 group-hover:scale-105\"\n        \/>\n    \n    <\/div>\n                        <\/div>\n                    <\/a>\n                    <\/article>\n\n<article class=\"relative group flex w-full transition-transform duration-200 flex-row items-center bg-transparent items-center gap-4 group cursor-default\">\n                        <a\n                        href=\"https:\/\/grandepremio.com\/br\/formula-e\/lucas-di-grassi-faz-homenagem-emocionada-filho-despedida-pistas-sonhe-grande\/\"\n                        class=\"flex items-center gap-4 no-underline text-inherit w-full\"\n                    >\n                        \n<div class=\"flex flex-col gap-1 text-neutral-900 flex-1 min-w-0 py-1 pl-0\">\n    \n<h2 class=\"text-base leading-tight tracking-tight mb-2 transition-colors duration-200 font-semibold text-neutral-800 line-clamp-2 group-hover:text-orange-600 text-base font-bold text-neutral-800 mb-2 line-clamp-2 group-hover:text-orange-600\">\n    Di Grassi faz homenagem emocionada ao filho em despedida das pistas: &quot;Sonhe grande&quot;<\/h2>\n\n                                <!-- Meta Info com Ranking -->\n                                <div class=\"flex items-center flex-wrap gap-3 text-xs text-neutral-500\">\n                                    <span class=\"flex items-center justify-center w-6 h-6 rounded bg-red-50 text-red-500 font-bold shrink-0\">\n                                        6                                    <\/span>\n\n                                                                            <span class=\"w-px h-3 bg-neutral-300 hidden sm:block\"><\/span>\n                                                                            <div class=\"hidden sm:flex\">\n                                            \n<div class=\"flex items-center gap-1 \">\n                        <img decoding=\"async\"\n                alt=\"Marcos Gil\"\n                src=\"https:\/\/grandepremio.com\/wp-content\/uploads\/2026\/07\/611757573_18556249276062783_3363900630877728253_n.jpg\"\n                class=\"\n                    w-6 h-6                    rounded-full object-cover ring-2 ring-white border border-white\/20\n                \"\n            \/>\n            \n    <span class=\"text-xs font-semibold\">\n        Marcos Gil, de S\u00e3o Paulo    <\/span>\n<\/div>\n                                        <\/div>\n                                    \n<div class=\"flex items-center gap-1 text-xs opacity-90 hidden sm:flex\">\n                                                        <time class=\"flex items-center gap-1\">\n                                                        <svg xmlns=\"http:\/\/www.w3.org\/2000\/svg\" width=\"24\" height=\"24\" viewbox=\"0 0 24 24\" fill=\"none\" stroke=\"currentColor\" stroke-width=\"2\" stroke-linecap=\"round\" stroke-linejoin=\"round\" class=\"lucide lucide-clock  size-4\" aria-hidden=\"true\"><path d=\"M12 6v6l4 2\"><\/path><circle cx=\"12\" cy=\"12\" r=\"10\"><\/circle><\/svg>                                                        3 min                                                    <\/time>\n                                                                                                    <span class=\"mx-1\">\u2022<\/span>\n                                                                                                    <span>\n                                                        2 semanas atr\u00e1s                                                    <\/span>\n                                                <\/div>\n                                <\/div>\n                                <\/div>\n\n                        <!-- Image (menor, no lado direito) -->\n                        <div class=\"w-32 h-20 shrink-0\">\n                            \n<div class=\"overflow-hidden rounded-xl bg-neutral-200 relative  h-full rounded-lg\">\n            <img decoding=\"async\"\n            src=\"https:\/\/grandepremio.com\/wp-content\/uploads\/2026\/08\/HPtJGzDWAAEMO4b-1-scaled.jpeg\"\n            alt=\"Di Grassi faz homenagem emocionada ao filho em despedida das pistas: &quot;Sonhe grande&quot;\"\n            loading=\"lazy\"\n            class=\"m-0! w-full h-full object-cover transition-transform duration-500 group-hover:scale-105\"\n        \/>\n    \n    <\/div>\n                        <\/div>\n                    <\/a>\n                    <\/article>\n    <\/div>\n<\/section>\n\n\n\n<div class=\"mt-8 md:mt-16 wp-block-grande-premio-videos\">\n    <section>\n                    <div class=\"mb-8\">\n                \n<h2    class=\"italic font-black uppercase mb-4 text-blue-900 text-3xl md:text-5xl\"\n>\n    <span\n        class=\"[paint-order:stroke_fill] text-white\"\n        style=\"-webkit-text-stroke: 5px var(--color-blue-900);\"\n    >\n        V\u00eddeos    <\/span>\n    em Alta<\/h2>\n            <\/div>\n        \n        <div class=\"grid grid-cols-1 lg:grid-cols-3 gap-8\">\n            <div class=\"lg:col-span-2\">\n                <a href=\"https:\/\/grandepremio.com\/br\/videos\/indy\/caio-collet-toca-josef-newgarden-bate-forte-muro-gp-milwaukee-1\/\" class=\"block transition-opacity hover:opacity-70 mb-8\">\n                    <div\n                        class=\"relative aspect-video lg:aspect-auto lg:h-[489px] rounded-2xl bg-cover bg-center bg-[#15151E] mb-5\"\n                        style=\"background-image: url('https:\/\/grandepremio.com\/wp-content\/uploads\/2026\/08\/batida-collet-1024x846.jpg')\"\n                    >\n                        <svg class=\"absolute transition-all duration-300\" style=\"width:100px;height:100px;top:calc(50% - 50px);left:calc(50% - 50px);border-radius:100px\" viewbox=\"0 0 100 100\" fill=\"none\" xmlns=\"http:\/\/www.w3.org\/2000\/svg\"><path d=\"M39.582 68.7499L68.7487 49.9999L39.582 31.2499V68.7499ZM49.9987 91.6666C44.2348 91.6666 38.8181 90.5728 33.7487 88.3853C28.6793 86.1978 24.2695 83.2291 20.5195 79.4791C16.7695 75.7291 13.8008 71.3194 11.6133 66.2499C9.42578 61.1805 8.33203 55.7638 8.33203 49.9999C8.33203 44.236 9.42578 38.8194 11.6133 33.7499C13.8008 28.6805 16.7695 24.2708 20.5195 20.5208C24.2695 16.7708 28.6793 13.802 33.7487 11.6145C38.8181 9.427 44.2348 8.33325 49.9987 8.33325C55.7626 8.33325 61.1793 9.427 66.2487 11.6145C71.3181 13.802 75.7279 16.7708 79.4779 20.5208C83.2279 24.2708 86.1966 28.6805 88.3841 33.7499C90.5716 38.8194 91.6654 44.236 91.6654 49.9999C91.6654 55.7638 90.5716 61.1805 88.3841 66.2499C86.1966 71.3194 83.2279 75.7291 79.4779 79.4791C75.7279 83.2291 71.3181 86.1978 66.2487 88.3853C61.1793 90.5728 55.7626 91.6666 49.9987 91.6666ZM49.9987 83.3333C59.3043 83.3333 67.1862 80.1041 73.6445 73.6458C80.1029 67.1874 83.332 59.3055 83.332 49.9999C83.332 40.6944 80.1029 32.8124 73.6445 26.3541C67.1862 19.8958 59.3043 16.6666 49.9987 16.6666C40.6931 16.6666 32.8112 19.8958 26.3529 26.3541C19.8945 32.8124 16.6654 40.6944 16.6654 49.9999C16.6654 59.3055 19.8945 67.1874 26.3529 73.6458C32.8112 80.1041 40.6931 83.3333 49.9987 83.3333Z\" fill=\"white\" \/><\/svg>                    <\/div>\n                    <h2 class=\"text-2xl sm:text-3xl lg:text-[40px] font-bold leading-[120%] text-[#15151E]\">\n                        Collet toca em Newgarden e bate forte no muro no GP de Milwaukee 1                    <\/h2>\n                                    <\/a>\n            <\/div>\n\n            <div class=\"flex flex-col gap-6 lg:gap-8\">\n                                    <a href=\"https:\/\/grandepremio.com\/br\/videos\/indy\/mick-schumacher-toca-dennis-hauger-e-provoca-bandeira-amarela-gp-milwaukee-1\/\" class=\"flex items-start gap-4 sm:gap-5 transition-opacity hover:opacity-70\">\n                        <div\n                            class=\"relative shrink-0 w-[140px] h-[92px] sm:w-[200px] sm:h-[131px] rounded-lg bg-cover bg-center bg-[#15151E]\"\n                            style=\"background-image: url('https:\/\/grandepremio.com\/wp-content\/uploads\/2026\/08\/Captura-de-tela-2026-08-30-193630.png')\"\n                        >\n                            <svg class=\"absolute transition-all duration-300\" style=\"width:50px;height:50px;top:calc(50% - 25px);left:calc(50% - 25px);border-radius:100px\" viewbox=\"0 0 100 100\" fill=\"none\" xmlns=\"http:\/\/www.w3.org\/2000\/svg\"><path d=\"M39.582 68.7499L68.7487 49.9999L39.582 31.2499V68.7499ZM49.9987 91.6666C44.2348 91.6666 38.8181 90.5728 33.7487 88.3853C28.6793 86.1978 24.2695 83.2291 20.5195 79.4791C16.7695 75.7291 13.8008 71.3194 11.6133 66.2499C9.42578 61.1805 8.33203 55.7638 8.33203 49.9999C8.33203 44.236 9.42578 38.8194 11.6133 33.7499C13.8008 28.6805 16.7695 24.2708 20.5195 20.5208C24.2695 16.7708 28.6793 13.802 33.7487 11.6145C38.8181 9.427 44.2348 8.33325 49.9987 8.33325C55.7626 8.33325 61.1793 9.427 66.2487 11.6145C71.3181 13.802 75.7279 16.7708 79.4779 20.5208C83.2279 24.2708 86.1966 28.6805 88.3841 33.7499C90.5716 38.8194 91.6654 44.236 91.6654 49.9999C91.6654 55.7638 90.5716 61.1805 88.3841 66.2499C86.1966 71.3194 83.2279 75.7291 79.4779 79.4791C75.7279 83.2291 71.3181 86.1978 66.2487 88.3853C61.1793 90.5728 55.7626 91.6666 49.9987 91.6666ZM49.9987 83.3333C59.3043 83.3333 67.1862 80.1041 73.6445 73.6458C80.1029 67.1874 83.332 59.3055 83.332 49.9999C83.332 40.6944 80.1029 32.8124 73.6445 26.3541C67.1862 19.8958 59.3043 16.6666 49.9987 16.6666C40.6931 16.6666 32.8112 19.8958 26.3529 26.3541C19.8945 32.8124 16.6654 40.6944 16.6654 49.9999C16.6654 59.3055 19.8945 67.1874 26.3529 73.6458C32.8112 80.1041 40.6931 83.3333 49.9987 83.3333Z\" fill=\"white\" \/><\/svg>                        <\/div>\n                        <h2 class=\"text-base sm:text-[18px] font-semibold leading-[120%] text-[#15151E]\">\n                            Schumacher toca em Hauger e provoca bandeira amarela no GP de Milwaukee 1                        <\/h2>\n                    <\/a>\n                                    <a href=\"https:\/\/grandepremio.com\/br\/videos\/indy\/romain-grosjean-roda-bate-forte-muro-gp-milwaukee-2-indy\/\" class=\"flex items-start gap-4 sm:gap-5 transition-opacity hover:opacity-70\">\n                        <div\n                            class=\"relative shrink-0 w-[140px] h-[92px] sm:w-[200px] sm:h-[131px] rounded-lg bg-cover bg-center bg-[#15151E]\"\n                            style=\"background-image: url('https:\/\/grandepremio.com\/wp-content\/uploads\/2026\/08\/Captura-de-tela-2026-08-30-153439.png')\"\n                        >\n                            <svg class=\"absolute transition-all duration-300\" style=\"width:50px;height:50px;top:calc(50% - 25px);left:calc(50% - 25px);border-radius:100px\" viewbox=\"0 0 100 100\" fill=\"none\" xmlns=\"http:\/\/www.w3.org\/2000\/svg\"><path d=\"M39.582 68.7499L68.7487 49.9999L39.582 31.2499V68.7499ZM49.9987 91.6666C44.2348 91.6666 38.8181 90.5728 33.7487 88.3853C28.6793 86.1978 24.2695 83.2291 20.5195 79.4791C16.7695 75.7291 13.8008 71.3194 11.6133 66.2499C9.42578 61.1805 8.33203 55.7638 8.33203 49.9999C8.33203 44.236 9.42578 38.8194 11.6133 33.7499C13.8008 28.6805 16.7695 24.2708 20.5195 20.5208C24.2695 16.7708 28.6793 13.802 33.7487 11.6145C38.8181 9.427 44.2348 8.33325 49.9987 8.33325C55.7626 8.33325 61.1793 9.427 66.2487 11.6145C71.3181 13.802 75.7279 16.7708 79.4779 20.5208C83.2279 24.2708 86.1966 28.6805 88.3841 33.7499C90.5716 38.8194 91.6654 44.236 91.6654 49.9999C91.6654 55.7638 90.5716 61.1805 88.3841 66.2499C86.1966 71.3194 83.2279 75.7291 79.4779 79.4791C75.7279 83.2291 71.3181 86.1978 66.2487 88.3853C61.1793 90.5728 55.7626 91.6666 49.9987 91.6666ZM49.9987 83.3333C59.3043 83.3333 67.1862 80.1041 73.6445 73.6458C80.1029 67.1874 83.332 59.3055 83.332 49.9999C83.332 40.6944 80.1029 32.8124 73.6445 26.3541C67.1862 19.8958 59.3043 16.6666 49.9987 16.6666C40.6931 16.6666 32.8112 19.8958 26.3529 26.3541C19.8945 32.8124 16.6654 40.6944 16.6654 49.9999C16.6654 59.3055 19.8945 67.1874 26.3529 73.6458C32.8112 80.1041 40.6931 83.3333 49.9987 83.3333Z\" fill=\"white\" \/><\/svg>                        <\/div>\n                        <h2 class=\"text-base sm:text-[18px] font-semibold leading-[120%] text-[#15151E]\">\n                            Grosjean roda e bate forte no muro no GP de Milwaukee 2 da Indy                        <\/h2>\n                    <\/a>\n                                    <a href=\"https:\/\/grandepremio.com\/br\/videos\/indy\/josef-newgarden-roda-sozinho-bate-muro-gp-milwaukee-2-indy\/\" class=\"flex items-start gap-4 sm:gap-5 transition-opacity hover:opacity-70\">\n                        <div\n                            class=\"relative shrink-0 w-[140px] h-[92px] sm:w-[200px] sm:h-[131px] rounded-lg bg-cover bg-center bg-[#15151E]\"\n                            style=\"background-image: url('https:\/\/grandepremio.com\/wp-content\/uploads\/2026\/08\/Captura-de-tela-2026-08-30-151906.png')\"\n                        >\n                            <svg class=\"absolute transition-all duration-300\" style=\"width:50px;height:50px;top:calc(50% - 25px);left:calc(50% - 25px);border-radius:100px\" viewbox=\"0 0 100 100\" fill=\"none\" xmlns=\"http:\/\/www.w3.org\/2000\/svg\"><path d=\"M39.582 68.7499L68.7487 49.9999L39.582 31.2499V68.7499ZM49.9987 91.6666C44.2348 91.6666 38.8181 90.5728 33.7487 88.3853C28.6793 86.1978 24.2695 83.2291 20.5195 79.4791C16.7695 75.7291 13.8008 71.3194 11.6133 66.2499C9.42578 61.1805 8.33203 55.7638 8.33203 49.9999C8.33203 44.236 9.42578 38.8194 11.6133 33.7499C13.8008 28.6805 16.7695 24.2708 20.5195 20.5208C24.2695 16.7708 28.6793 13.802 33.7487 11.6145C38.8181 9.427 44.2348 8.33325 49.9987 8.33325C55.7626 8.33325 61.1793 9.427 66.2487 11.6145C71.3181 13.802 75.7279 16.7708 79.4779 20.5208C83.2279 24.2708 86.1966 28.6805 88.3841 33.7499C90.5716 38.8194 91.6654 44.236 91.6654 49.9999C91.6654 55.7638 90.5716 61.1805 88.3841 66.2499C86.1966 71.3194 83.2279 75.7291 79.4779 79.4791C75.7279 83.2291 71.3181 86.1978 66.2487 88.3853C61.1793 90.5728 55.7626 91.6666 49.9987 91.6666ZM49.9987 83.3333C59.3043 83.3333 67.1862 80.1041 73.6445 73.6458C80.1029 67.1874 83.332 59.3055 83.332 49.9999C83.332 40.6944 80.1029 32.8124 73.6445 26.3541C67.1862 19.8958 59.3043 16.6666 49.9987 16.6666C40.6931 16.6666 32.8112 19.8958 26.3529 26.3541C19.8945 32.8124 16.6654 40.6944 16.6654 49.9999C16.6654 59.3055 19.8945 67.1874 26.3529 73.6458C32.8112 80.1041 40.6931 83.3333 49.9987 83.3333Z\" fill=\"white\" \/><\/svg>                        <\/div>\n                        <h2 class=\"text-base sm:text-[18px] font-semibold leading-[120%] text-[#15151E]\">\n                            Newgarden roda sozinho e bate no muro no GP de Milwaukee 2 da Indy                        <\/h2>\n                    <\/a>\n                                    <a href=\"https:\/\/grandepremio.com\/br\/videos\/motogp\/marc-marquez-fica-de-joelhos-e-festeja-vitoria-torcida-aragao\/\" class=\"flex items-start gap-4 sm:gap-5 transition-opacity hover:opacity-70\">\n                        <div\n                            class=\"relative shrink-0 w-[140px] h-[92px] sm:w-[200px] sm:h-[131px] rounded-lg bg-cover bg-center bg-[#15151E]\"\n                            style=\"background-image: url('https:\/\/grandepremio.com\/wp-content\/uploads\/2026\/08\/AFP__20260830__C6UM76V__v1__MidRes__MotoPrixEsp-1024x684.jpg')\"\n                        >\n                            <svg class=\"absolute transition-all duration-300\" style=\"width:50px;height:50px;top:calc(50% - 25px);left:calc(50% - 25px);border-radius:100px\" viewbox=\"0 0 100 100\" fill=\"none\" xmlns=\"http:\/\/www.w3.org\/2000\/svg\"><path d=\"M39.582 68.7499L68.7487 49.9999L39.582 31.2499V68.7499ZM49.9987 91.6666C44.2348 91.6666 38.8181 90.5728 33.7487 88.3853C28.6793 86.1978 24.2695 83.2291 20.5195 79.4791C16.7695 75.7291 13.8008 71.3194 11.6133 66.2499C9.42578 61.1805 8.33203 55.7638 8.33203 49.9999C8.33203 44.236 9.42578 38.8194 11.6133 33.7499C13.8008 28.6805 16.7695 24.2708 20.5195 20.5208C24.2695 16.7708 28.6793 13.802 33.7487 11.6145C38.8181 9.427 44.2348 8.33325 49.9987 8.33325C55.7626 8.33325 61.1793 9.427 66.2487 11.6145C71.3181 13.802 75.7279 16.7708 79.4779 20.5208C83.2279 24.2708 86.1966 28.6805 88.3841 33.7499C90.5716 38.8194 91.6654 44.236 91.6654 49.9999C91.6654 55.7638 90.5716 61.1805 88.3841 66.2499C86.1966 71.3194 83.2279 75.7291 79.4779 79.4791C75.7279 83.2291 71.3181 86.1978 66.2487 88.3853C61.1793 90.5728 55.7626 91.6666 49.9987 91.6666ZM49.9987 83.3333C59.3043 83.3333 67.1862 80.1041 73.6445 73.6458C80.1029 67.1874 83.332 59.3055 83.332 49.9999C83.332 40.6944 80.1029 32.8124 73.6445 26.3541C67.1862 19.8958 59.3043 16.6666 49.9987 16.6666C40.6931 16.6666 32.8112 19.8958 26.3529 26.3541C19.8945 32.8124 16.6654 40.6944 16.6654 49.9999C16.6654 59.3055 19.8945 67.1874 26.3529 73.6458C32.8112 80.1041 40.6931 83.3333 49.9987 83.3333Z\" fill=\"white\" \/><\/svg>                        <\/div>\n                        <h2 class=\"text-base sm:text-[18px] font-semibold leading-[120%] text-[#15151E]\">\n                            Marc M\u00e1rquez fica de joelhos e festeja vit\u00f3ria com torcida em Arag\u00e3o                        <\/h2>\n                    <\/a>\n                            <\/div>\n        <\/div>\n    <\/section>\n<\/div>\n","protected":false},"featured_media":0,"parent":0,"menu_order":0,"template":"","class_list":["post-129818","42wp_homepage","type-42wp_homepage","status-publish","hentry"],"_links":{"self":[{"href":"https:\/\/grandepremio.com\/br\/wp-json\/wp\/v2\/42wp_homepage\/129818","targetHints":{"allow":["GET"]}}],"collection":[{"href":"https:\/\/grandepremio.com\/br\/wp-json\/wp\/v2\/42wp_homepage"}],"about":[{"href":"https:\/\/grandepremio.com\/br\/wp-json\/wp\/v2\/types\/42wp_homepage"}],"version-history":[{"count":157,"href":"https:\/\/grandepremio.com\/br\/wp-json\/wp\/v2\/42wp_homepage\/129818\/revisions"}],"predecessor-version":[{"id":163821,"href":"https:\/\/grandepremio.com\/br\/wp-json\/wp\/v2\/42wp_homepage\/129818\/revisions\/163821"}],"wp:attachment":[{"href":"https:\/\/grandepremio.com\/br\/wp-json\/wp\/v2\/media?parent=129818"}],"curies":[{"name":"wp","href":"https:\/\/api.w.org\/{rel}","templated":true}]}}