{"id":163354,"date":"2026-08-26T05:00:00","date_gmt":"2026-08-26T08:00:00","guid":{"rendered":"https:\/\/grandepremio.com\/br\/?post_type=42wp_premium&#038;p=163354"},"modified":"2026-08-25T19:02:00","modified_gmt":"2026-08-25T22:02:00","slug":"as-notas-do-gp-dos-paises-baixos-da-f1-2026","status":"publish","type":"42wp_premium","link":"https:\/\/grandepremio.com\/br\/grandepremium\/f1\/materias\/as-notas-do-gp-dos-paises-baixos-da-f1-2026\/","title":{"rendered":"As notas do GP dos Pa\u00edses Baixos da F1 2026"},"content":{"rendered":"\n<p class=\"wp-block-paragraph\">Se ao longo dos anos nesta vida mais recentes como parte do calend\u00e1rio da F\u00f3rmula 1 Zandvoort se mostrou uma pista estreita e travada demais para render boas corridas com os carros atuais, o bota-fora do <a href=\"https:\/\/grandepremio.com\/br\/f1\/lando-norris-recupera-largada-ruim-vence-paises-baixos-max-verstappen-bate-forte\/\">GP dos Pa\u00edses Baixos<\/a> foi de alto n\u00edvel. Uma boa corrida, cheia de alternativas e com disputa pela vit\u00f3ria, que desembocou em mais um desempenho de campe\u00e3o mundial de Lando Norris.<\/p>\n\n\n\n<figure class=\"wp-block-embed is-type-video is-provider-youtube wp-block-embed-youtube wp-embed-aspect-16-9 wp-has-aspect-ratio\"><div class=\"wp-block-embed__wrapper\">\n<iframe loading=\"lazy\" title=\"NORRIS BLEFA OU TEM DE PEDIR FOCO M\u00c1XIMO \u00c0 McLAREN PARA ALCAN\u00c7AR ANTONELLI | Paddock GP\" width=\"500\" height=\"281\" src=\"https:\/\/www.youtube.com\/embed\/bwobGi-Qt4E?feature=oembed\" frameborder=\"0\" allow=\"accelerometer; autoplay; clipboard-write; encrypted-media; gyroscope; picture-in-picture; web-share\" referrerpolicy=\"strict-origin-when-cross-origin\" allowfullscreen><\/iframe>\n<\/div><figcaption class=\"wp-element-caption\">NORRIS BLEFA OU TEM DE PEDIR FOCO M\u00c1XIMO \u00c0 McLAREN PARA ALCAN\u00c7AR ANTONELLI | Paddock GP<\/figcaption><\/figure>\n\n\n\n<p class=\"wp-block-paragraph\">O piloto da McLaren comandou o pelot\u00e3o pela segunda corrida seguida, mesmo que tenha havido um recesso entre as etapas de Hungria e Pa\u00edses Baixos. Ambas com a pole-position conquistadas e uma for\u00e7a renovada da McLaren desde as primeiras grandes atualiza\u00e7\u00f5es. Brigar por t\u00edtulo \u00e9 irreal dado as dist\u00e2ncias, mas ser\u00e1 uma pedra no sapato da Mercedes daqui para frente \u00e9 possibilidade real.<\/p>\n\n\n\n<p class=\"wp-block-paragraph\">Atr\u00e1s, desacertos entre as duas outras equipes e ordens tanto obedecidas quanto desacatadas. Na Mercedes, apesar de Andrea Kimi Antonelli ter ido bem melhor e superado Norris na relargada, acabou atr\u00e1s de George Russell por for\u00e7a das circunst\u00e2ncias. Russell at\u00e9 tentou, mas foi for\u00e7ado a sair do caminho e os dois terminaram no p\u00f3dio. Na Ferrari, caos muito pior: Charles Leclerc desobedeceu, ainda que por uma volta, a ordem de ir aos boxes para sair do caminho de Lewis Hamilton. Resultado: os dois insatisfeitos na bandeira quadriculada.<\/p>\n\n\n\n<p class=\"wp-block-paragraph\">Gabriel Bortoleto voltou a sofrer com as largadas da Audi e ainda rodou no fim da primeira volta, logo na entrada da reta. Deu uma sorte enorme de n\u00e3o bater em muro algum ou ser abalroado no meio do caminho \u2014 o companheiro Nico H\u00fclkenberg precisou de m\u00e1gica para evitar. Max Verstappen n\u00e3o deu a mesma sorte e no adeus \u00e0 torcida, arrebentou o carro no muro ap\u00f3s o primeiro minuto de corrida.<\/p>\n\n\n\n<p class=\"wp-block-paragraph\">A F\u00f3rmula 1 volta de 4 a 6 de setembro em Monza, palco do GP da It\u00e1lia, 13\u00aa etapa da temporada 2026. <strong><em>As notas do <a href=\"https:\/\/grandepremio.com\/br\/grande-premium\/\">Ranking GP<\/a> s\u00e3o distribu\u00eddas por Gabriel Carvalho, Jo\u00e3o Pedro Nascimento, Luana Marino e Pedro Henrique Marum.<\/em><\/strong><\/p>\n\n\n\n<figure class=\"wp-block-image size-large\"><img loading=\"lazy\" decoding=\"async\" width=\"1024\" height=\"683\" src=\"https:\/\/grandepremio.com\/br\/wp-content\/uploads\/2026\/08\/f1-2026-paises-baixos-corrida-podio-01-1024x683.jpg\" alt=\"F1 2026, PAISES BAIXOS, CORRIDA, MERCEDES, KIMI ANTONELLI, GEORGE RUSSELL, MCLAREN, LANDO NORRIS\" class=\"wp-image-1020312852\" srcset=\"https:\/\/grandepremio.com\/wp-content\/uploads\/2026\/08\/f1-2026-paises-baixos-corrida-podio-01-1024x683.jpg 1024w, https:\/\/grandepremio.com\/wp-content\/uploads\/2026\/08\/f1-2026-paises-baixos-corrida-podio-01-300x200.jpg 300w, https:\/\/grandepremio.com\/wp-content\/uploads\/2026\/08\/f1-2026-paises-baixos-corrida-podio-01-768x512.jpg 768w, https:\/\/grandepremio.com\/wp-content\/uploads\/2026\/08\/f1-2026-paises-baixos-corrida-podio-01-1536x1024.jpg 1536w, https:\/\/grandepremio.com\/wp-content\/uploads\/2026\/08\/f1-2026-paises-baixos-corrida-podio-01-150x100.jpg 150w, https:\/\/grandepremio.com\/wp-content\/uploads\/2026\/08\/f1-2026-paises-baixos-corrida-podio-01.jpg 1620w\" sizes=\"(max-width: 1024px) 100vw, 1024px\" \/><figcaption class=\"wp-element-caption\">O p\u00f3dio do GP dos Pa\u00edses Baixos (Foto: Mercedes)<\/figcaption><\/figure>\n\n\n\n<p class=\"wp-block-paragraph\"><strong>1\u00ba) Lando Norris &#8211; 9.5 &#8211;<\/strong> Mais uma etapa impec\u00e1vel de um Norris r\u00e1pido, eficiente e agressivo como poucas vezes se viu, ao menos tudo isso em conjunto, mesmo na temporada do t\u00edtulo. Guiou como um verdadeiro campe\u00e3o mundial.<\/p>\n\n\n\n<p class=\"wp-block-paragraph\"><strong>2\u00ba) Andrea Kimi Antonelli &#8211; 8.0 &#8211;<\/strong> Fez o que deu para tentar a vit\u00f3ria, que foi ultrapassar Norris na relargada, chance que surgiu pela batida de Verstappen. Mas a McLaren era mais r\u00e1pida, n\u00e3o tinha jeito. Ainda que a sequ\u00eancia n\u00e3o seja brilhante, mant\u00e9m a lideran\u00e7a do mesmo tamanho.<\/p>\n\n\n\n<p class=\"wp-block-paragraph\"><strong>3\u00ba) George Russell &#8211; 6.5 &#8211;<\/strong> O come\u00e7o foi \u00f3timo, com pole e vit\u00f3ria na sprint. Infelizmente para ele, vale bem menos. A ida ao p\u00f3dio no domingo foi com mais sorte das circunst\u00e2ncias e do enrosco da dupla da Ferrari que qualquer outra coisa. E, assim, continua 59 pontos atr\u00e1s do companheiro de equipe.<\/p>\n\n\n\n<p class=\"wp-block-paragraph\"><strong>4\u00ba) Lewis Hamilton &#8211; 6.0 &#8211;<\/strong> Apesar de ter se entendido bem com o carro e mostrado um dos melhores ritmos da pista, o que se destaca \u00e9 o arranca-rabo com Leclerc. Quem acertou ou errou? Algu\u00e9m errou? O que importa \u00e9 que, mesmo com tudo de bom que fez, o resultado foi pol\u00eamica e perda de um p\u00f3dio.<\/p>\n\n\n\n<figure class=\"wp-block-image size-large\"><img loading=\"lazy\" decoding=\"async\" width=\"1024\" height=\"576\" src=\"https:\/\/grandepremio.com\/br\/wp-content\/uploads\/2026\/08\/f1-2026-paises-baixos-corrida-ferrari-charles-leclerc-lewis-hamilton-01-1024x576.jpg\" alt=\"F1 2026, PAISES BAIXOS, CORRIDA, FERRARI, CHARLES LECLERC, LEWIS HAMILTON\" class=\"wp-image-1020312798\" srcset=\"https:\/\/grandepremio.com\/wp-content\/uploads\/2026\/08\/f1-2026-paises-baixos-corrida-ferrari-charles-leclerc-lewis-hamilton-01-1024x576.jpg 1024w, https:\/\/grandepremio.com\/wp-content\/uploads\/2026\/08\/f1-2026-paises-baixos-corrida-ferrari-charles-leclerc-lewis-hamilton-01-300x169.jpg 300w, https:\/\/grandepremio.com\/wp-content\/uploads\/2026\/08\/f1-2026-paises-baixos-corrida-ferrari-charles-leclerc-lewis-hamilton-01-768x432.jpg 768w, https:\/\/grandepremio.com\/wp-content\/uploads\/2026\/08\/f1-2026-paises-baixos-corrida-ferrari-charles-leclerc-lewis-hamilton-01-1536x864.jpg 1536w, https:\/\/grandepremio.com\/wp-content\/uploads\/2026\/08\/f1-2026-paises-baixos-corrida-ferrari-charles-leclerc-lewis-hamilton-01-1200x675.jpg 1200w, https:\/\/grandepremio.com\/wp-content\/uploads\/2026\/08\/f1-2026-paises-baixos-corrida-ferrari-charles-leclerc-lewis-hamilton-01-150x84.jpg 150w, https:\/\/grandepremio.com\/wp-content\/uploads\/2026\/08\/f1-2026-paises-baixos-corrida-ferrari-charles-leclerc-lewis-hamilton-01.jpg 1920w\" sizes=\"(max-width: 1024px) 100vw, 1024px\" \/><figcaption class=\"wp-element-caption\">Charles Leclerc e Lewis Hamilton se enroscaram na corrida (Foto: Reprodu\u00e7\u00e3o\/F1)<\/figcaption><\/figure>\n\n\n\n<p class=\"wp-block-paragraph\"><strong>5\u00ba) Charles Leclerc &#8211; 5.0 &#8211;<\/strong> Por mais que tenha tido l\u00e1 sua raz\u00e3o pelo protesto pela decis\u00e3o da Ferrari, o chilique passou do ponto. Charles tem de colocar a cabe\u00e7a no lugar e parar de brigar com a equipe de duas em duas corridas e ser mais consistente na temporada.<\/p>\n\n\n\n<p class=\"wp-block-paragraph\"><strong>6\u00ba) Oscar Piastri &#8211; 5.0 &#8211;<\/strong> Extremamente abaixo de Norris, que dominou o fim de semana, enquanto saiu reclamando da falta de for\u00e7a da McLaren. O desempenho foi dos piores poss\u00edveis.<\/p>\n\n\n\n<p class=\"wp-block-paragraph\"><strong>7\u00ba) Liam Lawson &#8211; 7.5 &#8211;<\/strong> Um ano e meio ap\u00f3s vestir o uniforme da equipe principal da Red Bull e perdido o emprego em duas corridas, sentou no cockpit novamente, na emerg\u00eancia e sem preparo. Foi bem, marcando os pontos que faltaram em 2025 e suprindo, ao menos um pouco, o acidente de Verstappen e a aus\u00eancia de Isack Hadjar.<\/p>\n\n\n\n<p class=\"wp-block-paragraph\"><strong>8\u00ba) Nico H\u00fclkenberg &#8211; 8.0 &#8211;<\/strong> O movimento mais impressionante da corrida foi H\u00fclkenberg escapando em cima do lance e quase dentro de uma nuvem de fuma\u00e7a do carro de Bortoleto, impedindo um acidente que poderia ser de propor\u00e7\u00f5es assustadoras. Ainda voltou aos pontos pela segunda prova seguida e com o melhor resultado na temporada.<\/p>\n\n\n\n<figure class=\"wp-block-image size-large\"><img loading=\"lazy\" decoding=\"async\" width=\"1024\" height=\"683\" src=\"https:\/\/grandepremio.com\/br\/wp-content\/uploads\/2026\/08\/f1-2026-paises-baixos-classificacao-aston-martin-fernando-alonso-03-1024x683.jpg\" alt=\"F1 2026, PAISES BAIXOS, QUALY, ASTON MARTIN, FERNANDO ALONSO\" class=\"wp-image-1020312609\" srcset=\"https:\/\/grandepremio.com\/wp-content\/uploads\/2026\/08\/f1-2026-paises-baixos-classificacao-aston-martin-fernando-alonso-03-1024x683.jpg 1024w, https:\/\/grandepremio.com\/wp-content\/uploads\/2026\/08\/f1-2026-paises-baixos-classificacao-aston-martin-fernando-alonso-03-300x200.jpg 300w, https:\/\/grandepremio.com\/wp-content\/uploads\/2026\/08\/f1-2026-paises-baixos-classificacao-aston-martin-fernando-alonso-03-768x512.jpg 768w, https:\/\/grandepremio.com\/wp-content\/uploads\/2026\/08\/f1-2026-paises-baixos-classificacao-aston-martin-fernando-alonso-03-1536x1024.jpg 1536w, https:\/\/grandepremio.com\/wp-content\/uploads\/2026\/08\/f1-2026-paises-baixos-classificacao-aston-martin-fernando-alonso-03-2048x1365.jpg 2048w, https:\/\/grandepremio.com\/wp-content\/uploads\/2026\/08\/f1-2026-paises-baixos-classificacao-aston-martin-fernando-alonso-03-150x100.jpg 150w\" sizes=\"(max-width: 1024px) 100vw, 1024px\" \/><figcaption class=\"wp-element-caption\">A Aston Martin pontuou com Fernando Alonso (Foto: Aston Martin)<\/figcaption><\/figure>\n\n\n\n<p class=\"wp-block-paragraph\"><strong>9\u00ba) Fernando Alonso &#8211; 9.0 &#8211;<\/strong> Pontos para Alonso! Enquanto tanto se debate sobre a perman\u00eancia ou n\u00e3o do veterano, o rendimento em Zandvoort carregou a qualidade que sempre mostrou. A Aston Martin, pela primeira vez no ano, marcou pontos em condi\u00e7\u00f5es normais de temperatura e press\u00e3o \u2014 em M\u00f4naco, a sorte jogou ao lado.<\/p>\n\n\n\n<p class=\"wp-block-paragraph\"><strong>10\u00ba) Pierre Gasly &#8211; 7.0 &#8211;<\/strong> Ap\u00f3s duas provas zerado, Gasly voltou \u00e0 zona de pontua\u00e7\u00e3o tanto na sprint quanto na corrida principal. A Alpine tem l\u00e1 seus problemas e precisa melhorar, mas ao menos em Zandvoort reagiu bem.<\/p>\n\n\n\n<p class=\"wp-block-paragraph\"><strong>11\u00ba) Yuki Tsunoda &#8211; 7.0 &#8211;<\/strong> De volta ao grid de maneira emergencial e sem nenhuma prepara\u00e7\u00e3o nos novos carros da F1, sobretudo o da Racing Bulls, Tsunoda terminou na frente do companheiro de equipe, o titular Lindblad, e na beira dos pontos. N\u00e3o dava para pedir mais.<\/p>\n\n\n\n<p class=\"wp-block-paragraph\"><strong>12\u00ba) Arvid Lindblad &#8211; 5.5 &#8211;<\/strong> \u00c9 uma derrota \u00f3bvia ter terminado a corrida atr\u00e1s de Tsunoda, dono de nenhuma experi\u00eancia com o carro de 2026 da Racing Bulls, ainda que tenha lamentado a a confus\u00e3o causada pelo acidente de Verstappen. Segundo Lindblad, acertou um dos pneus, inclusive. Depois, passou Gasly sob bandeira amarela e terminou punido.<\/p>\n\n\n\n<figure class=\"wp-block-image size-large\"><img loading=\"lazy\" decoding=\"async\" width=\"1024\" height=\"683\" src=\"https:\/\/grandepremio.com\/br\/wp-content\/uploads\/2026\/08\/f1-2026-paises-baixos-corrida-audi-gabriel-bortoleto-04-1024x683.jpg\" alt=\"F1 2026, PAISES BAIXOS, CORRIDA, AUDI, GABRIEL BORTOLETO\" class=\"wp-image-1020312828\" srcset=\"https:\/\/grandepremio.com\/wp-content\/uploads\/2026\/08\/f1-2026-paises-baixos-corrida-audi-gabriel-bortoleto-04-1024x683.jpg 1024w, https:\/\/grandepremio.com\/wp-content\/uploads\/2026\/08\/f1-2026-paises-baixos-corrida-audi-gabriel-bortoleto-04-300x200.jpg 300w, https:\/\/grandepremio.com\/wp-content\/uploads\/2026\/08\/f1-2026-paises-baixos-corrida-audi-gabriel-bortoleto-04-768x512.jpg 768w, https:\/\/grandepremio.com\/wp-content\/uploads\/2026\/08\/f1-2026-paises-baixos-corrida-audi-gabriel-bortoleto-04-1536x1024.jpg 1536w, https:\/\/grandepremio.com\/wp-content\/uploads\/2026\/08\/f1-2026-paises-baixos-corrida-audi-gabriel-bortoleto-04-2048x1366.jpg 2048w, https:\/\/grandepremio.com\/wp-content\/uploads\/2026\/08\/f1-2026-paises-baixos-corrida-audi-gabriel-bortoleto-04-150x100.jpg 150w\" sizes=\"(max-width: 1024px) 100vw, 1024px\" \/><figcaption class=\"wp-element-caption\">Gabriel Bortoleto rodou no come\u00e7o em Zandvoort (Foto: Audi)<\/figcaption><\/figure>\n\n\n\n<p class=\"wp-block-paragraph\"><strong>13\u00ba) Gabriel Bortoleto &#8211; 4.5 &#8211;<\/strong> Um problema no carro antes da largada. Foi isso que o piloto brasileiro contou ter acontecido antes mesmo da perda de posi\u00e7\u00f5es na partida e da rodada na primeira volta. No fim das contas, Bortoleto deu at\u00e9 sorte de completar a corrida.<\/p>\n\n\n\n<p class=\"wp-block-paragraph\"><strong>14\u00ba) Franco Colapinto &#8211; 4.5 &#8211;<\/strong> Assim como Lindblad, terminou reclamando pela puni\u00e7\u00e3o que recebeu por desrespeitar bandeiras amarelas ap\u00f3s acidente de Verstappen. De fato, um drive-through duro que o tirou a possibilidade de lutar por pontos.<\/p>\n\n\n\n<p class=\"wp-block-paragraph\"><strong>15\u00ba) Sergio P\u00e9rez &#8211; 5.0 &#8211;<\/strong> As atualiza\u00e7\u00f5es fizeram a Cadillac partir para a frente da Williams e mostrar, ao menos em trechos da prova, a capacidade de acelerar o passo. Dentro do que \u00e9 poss\u00edvel fazer no bal\u00e3o de ensaio de 2026, uma boa corria de P\u00e9rez.<\/p>\n\n\n\n<p class=\"wp-block-paragraph\"><strong>16\u00ba) Carlos Sainz &#8211; 2.0 &#8211;<\/strong> Uma corrida que j\u00e1 tinha ares de deprimente para a Williams se tornou uma com\u00e9dia pastel\u00e3o quando, na briga pela possante 16\u00aa posi\u00e7\u00e3o, Sainz deu um fecho inexplic\u00e1vel e tirou o companheiro de equipe da prova.<\/p>\n\n\n\n<figure class=\"wp-block-image size-large\"><img loading=\"lazy\" decoding=\"async\" width=\"1024\" height=\"683\" src=\"https:\/\/grandepremio.com\/br\/wp-content\/uploads\/2026\/08\/f1-2026-paises-baixos-corrida-williams-carlos-sainz-02-1024x683.jpg\" alt=\"F1 2026, PAISES BAIXOS, CORRIDA, WILLIAMS, CARLOS SAINZ\" class=\"wp-image-1020312857\" srcset=\"https:\/\/grandepremio.com\/wp-content\/uploads\/2026\/08\/f1-2026-paises-baixos-corrida-williams-carlos-sainz-02-1024x683.jpg 1024w, https:\/\/grandepremio.com\/wp-content\/uploads\/2026\/08\/f1-2026-paises-baixos-corrida-williams-carlos-sainz-02-300x200.jpg 300w, https:\/\/grandepremio.com\/wp-content\/uploads\/2026\/08\/f1-2026-paises-baixos-corrida-williams-carlos-sainz-02-768x512.jpg 768w, https:\/\/grandepremio.com\/wp-content\/uploads\/2026\/08\/f1-2026-paises-baixos-corrida-williams-carlos-sainz-02-1536x1024.jpg 1536w, https:\/\/grandepremio.com\/wp-content\/uploads\/2026\/08\/f1-2026-paises-baixos-corrida-williams-carlos-sainz-02-2048x1366.jpg 2048w, https:\/\/grandepremio.com\/wp-content\/uploads\/2026\/08\/f1-2026-paises-baixos-corrida-williams-carlos-sainz-02-150x100.jpg 150w\" sizes=\"(max-width: 1024px) 100vw, 1024px\" \/><figcaption class=\"wp-element-caption\">Carlos Sainz tirou o companheiro de equipe da corrida (Foto: Williams)<\/figcaption><\/figure>\n\n\n\n<p class=\"wp-block-paragraph\"><strong>17\u00ba) Alexander Albon &#8211; 3.5 &#8211;<\/strong> Melanc\u00f3lica a corrida da Williams na semana da renova\u00e7\u00e3o com seus dois pilotos. O presente de Sainz a Albon pela parceria pelos pr\u00f3ximos dois anos foi uma pancada.<\/p>\n\n\n\n<p class=\"wp-block-paragraph\"><strong>18\u00ba) Valtteri Bottas &#8211; 4.0 &#8211;<\/strong> Se a Cadillac melhorou um pouco o desempenho, a confiabilidade continua uma quest\u00e3o. A corrida de Bottas terminou com problemas hidr\u00e1ulicos, sempre terminais.<\/p>\n\n\n\n<p class=\"wp-block-paragraph\"><strong>19\u00ba) Esteban Ocon &#8211; 4.0 &#8211;<\/strong> A Haas ia a caminho de lugar nenhum e nem assim conseguiu chegar ao destino. Problemas de confiabilidade. No caso de Ocon, a suspeita \u00e9 que tenha sido na unidade de for\u00e7a.<\/p>\n\n\n\n<p class=\"wp-block-paragraph\"><strong>20\u00ba) Lance Stroll &#8211; 3.5 &#8211;<\/strong> Assim como Piastri, reclamou do carro enquanto o companheiro de equipe brilhou. No caso de Stroll, por\u00e9m, n\u00e3o fez grande diferen\u00e7a, porque o carro ficou danificado na confus\u00e3o da primeira volta.<\/p>\n\n\n\n<figure class=\"wp-block-image size-large\"><img loading=\"lazy\" decoding=\"async\" width=\"1024\" height=\"576\" src=\"https:\/\/grandepremio.com\/br\/wp-content\/uploads\/2026\/08\/f1-2026-paises-baixos-corrida-red-bull-max-verstappen-01-1-1024x576.jpg\" alt=\"F1 2026, PAISES BAIXOS, CORRIDA, RED BULL RACING, MAX VERSTAPPEN\" class=\"wp-image-1020312697\" srcset=\"https:\/\/grandepremio.com\/wp-content\/uploads\/2026\/08\/f1-2026-paises-baixos-corrida-red-bull-max-verstappen-01-1-1024x576.jpg 1024w, https:\/\/grandepremio.com\/wp-content\/uploads\/2026\/08\/f1-2026-paises-baixos-corrida-red-bull-max-verstappen-01-1-300x169.jpg 300w, https:\/\/grandepremio.com\/wp-content\/uploads\/2026\/08\/f1-2026-paises-baixos-corrida-red-bull-max-verstappen-01-1-768x432.jpg 768w, https:\/\/grandepremio.com\/wp-content\/uploads\/2026\/08\/f1-2026-paises-baixos-corrida-red-bull-max-verstappen-01-1-1536x864.jpg 1536w, https:\/\/grandepremio.com\/wp-content\/uploads\/2026\/08\/f1-2026-paises-baixos-corrida-red-bull-max-verstappen-01-1-1200x675.jpg 1200w, https:\/\/grandepremio.com\/wp-content\/uploads\/2026\/08\/f1-2026-paises-baixos-corrida-red-bull-max-verstappen-01-1-150x84.jpg 150w, https:\/\/grandepremio.com\/wp-content\/uploads\/2026\/08\/f1-2026-paises-baixos-corrida-red-bull-max-verstappen-01-1.jpg 1920w\" sizes=\"(max-width: 1024px) 100vw, 1024px\" \/><figcaption class=\"wp-element-caption\">Max Verstappen bateu no come\u00e7o da \u00faltima corrida nos Pa\u00edses Baixos (Foto: Reprodu\u00e7\u00e3o\/F1)<\/figcaption><\/figure>\n\n\n\n<p class=\"wp-block-paragraph\"><strong>21\u00ba) Oliver Bearman &#8211; 3.0 &#8211;<\/strong> Sofria no fim de semana e ainda precisou abandonar porque o motor apagou duas vezes. A Haas tem muito trabalho a fazer.<\/p>\n\n\n\n<p class=\"wp-block-paragraph\"><strong>22\u00ba) Max Verstappen &#8211; 4.0 &#8211;<\/strong> Um o\u00e1sis de trecho seco da pista em meio a um monte de peda\u00e7o molhado fez com que o tetracampe\u00e3o mundial achasse que podia despejar pot\u00eancia. E n\u00e3o podia. Perdeu o carro e foi parar no muro na despedida da torcida neerlandesa.<\/p>\n\n\n\n<p class=\"wp-block-paragraph\"><strong>GP dos Pa\u00edses Baixos \u2013 7.0 &#8211;<\/strong> Depois de anos de eventos sem inspira\u00e7\u00e3o, a despedida de Zandvoort valeu o tempo. Mostrou ainda que o campeonato tem muito a oferecer mesmo que n\u00e3o seja a briga pelo t\u00edtulo. Norris voa na F1 2026 desde as atualiza\u00e7\u00f5es da McLaren, mas a for\u00e7a de Hamilton tamb\u00e9m foi ineg\u00e1vel.<\/p>\n\n\n\n<p class=\"wp-block-paragraph\"><strong>Melhor GP \u2013 GP do Canad\u00e1 \u2013 8.5<br>Pior GP \u2013 GP de M\u00f4naco \u2013 3.0<br>M\u00e9dia: 6.4<\/strong><\/p>\n\n\n\n<h2 class=\"wp-block-heading\">M\u00c9DIA DA TEMPORADA:<\/h2>\n\n\n\n<p class=\"wp-block-paragraph\"><strong>1\u00ba) Andrea Kimi Antonelli \u2013 8.2<br>2\u00ba) Lando Norris \u2013 7.3<br>3\u00ba) Lewis Hamilton \u2013 7.2<br>4\u00ba) Max Verstappen \u2013 7.1<br>5\u00ba) Liam Lawson \u2013 7.0<br>6\u00ba) Pierre Gasly \u2013 7.0<br>7\u00ba) Arvid Lindblad \u2013 6.7<br>8\u00ba) Isack Hadjar \u2013 6.5<br>9\u00ba) George Russell \u2013 6.4<br>10\u00ba) Charles Leclerc \u2013 6.3<br>11\u00ba) Gabriel Bortoleto \u2013 6.2<br>12\u00ba) Franco Colapinto \u2013 6.1<br>13\u00ba) Nico H\u00fclkenberg \u2013 6.0<br>14\u00ba) Fernando Alonso \u2013 5.9<br>15\u00ba) Oscar Piastri \u2013 5.6<br>16\u00ba) Oliver Bearman \u2013 5.6<br>17\u00ba) Carlos Sainz \u2013 5.3<br>18\u00ba) Esteban Ocon \u2013 5.1<br>19\u00ba) Alexander Albon \u2013 4.9<br>20\u00ba) Sergio P\u00e9rez \u2013 4.7<br>21\u00ba) Lance Stroll \u2013 4.3<br>22\u00ba) Valtteri Bottas \u2013 4.2<\/strong><\/p>\n\n\n\n<p class=\"wp-block-paragraph\"><strong>RESERVAS<\/strong><\/p>\n\n\n\n<p class=\"wp-block-paragraph\"><strong>Yuki Tsunoda &#8211; 7.0 (em uma participa\u00e7\u00e3o)<\/strong><\/p>\n","protected":false},"excerpt":{"rendered":"<p>Na despedida da F\u00f3rmula 1, Zandvoort rendeu uma boa corrida, cheia de alternativas e com luta pela vit\u00f3ria. Lando Norris levou a melhor e coroou um \u00f3timo fim de semana com o GP dos Pa\u00edses Baixos<\/p>\n","protected":false},"author":3,"featured_media":1020312801,"template":"","meta":{"42wp_featured_image_caption":"Lando Norris venceu o GP dos Pa\u00edses Baixo, a segunda seguida na F1 2026","42wp_featured_image_credits":"Reprodu\u00e7\u00e3o\/FF1","42wp_featured_video":"","42wp_featured_image_hidden":false,"42wp_authors_list":[{"id":47120,"location":"do Rio de Janeiro"}],"footnotes":""},"categories":[2],"tags":[27861,350,547,203],"42wp_author":[47120],"class_list":["post-163354","42wp_premium","type-42wp_premium","status-publish","has-post-thumbnail","hentry","category-f1","tag-andrea-kimi-antonelli","tag-gabriel-bortoleto","tag-lando-norris","tag-max-verstappen","42wp_author-pedro-henrique-marum"],"_links":{"self":[{"href":"https:\/\/grandepremio.com\/br\/wp-json\/wp\/v2\/42wp_premium\/163354","targetHints":{"allow":["GET"]}}],"collection":[{"href":"https:\/\/grandepremio.com\/br\/wp-json\/wp\/v2\/42wp_premium"}],"about":[{"href":"https:\/\/grandepremio.com\/br\/wp-json\/wp\/v2\/types\/42wp_premium"}],"author":[{"embeddable":true,"href":"https:\/\/grandepremio.com\/br\/wp-json\/wp\/v2\/users\/3"}],"version-history":[{"count":1,"href":"https:\/\/grandepremio.com\/br\/wp-json\/wp\/v2\/42wp_premium\/163354\/revisions"}],"predecessor-version":[{"id":163359,"href":"https:\/\/grandepremio.com\/br\/wp-json\/wp\/v2\/42wp_premium\/163354\/revisions\/163359"}],"wp:featuredmedia":[{"embeddable":true,"href":"https:\/\/grandepremio.com\/br\/wp-json\/wp\/v2\/media\/1020312801"}],"wp:attachment":[{"href":"https:\/\/grandepremio.com\/br\/wp-json\/wp\/v2\/media?parent=163354"}],"wp:term":[{"taxonomy":"category","embeddable":true,"href":"https:\/\/grandepremio.com\/br\/wp-json\/wp\/v2\/categories?post=163354"},{"taxonomy":"post_tag","embeddable":true,"href":"https:\/\/grandepremio.com\/br\/wp-json\/wp\/v2\/tags?post=163354"},{"taxonomy":"42wp_author","embeddable":true,"href":"https:\/\/grandepremio.com\/br\/wp-json\/wp\/v2\/42wp_author?post=163354"}],"curies":[{"name":"wp","href":"https:\/\/api.w.org\/{rel}","templated":true}]}}