{"id":626,"date":"2021-07-03T11:58:24","date_gmt":"2021-07-03T14:58:24","guid":{"rendered":"https:\/\/grandepremio.com\/br\/grandepremium\/materias\/mclaren-uma-laranja-doce-e-a-outra-azeda\/"},"modified":"2022-05-19T16:38:48","modified_gmt":"2022-05-19T19:38:48","slug":"mclaren-uma-laranja-doce-e-a-outra-azeda","status":"publish","type":"42wp_premium","link":"https:\/\/grandepremio.com\/br\/grandepremium\/f1\/materias\/mclaren-uma-laranja-doce-e-a-outra-azeda\/","title":{"rendered":"McLaren: uma laranja doce e a outra azeda"},"content":{"rendered":"\n<figure class=\"wp-block-embed-youtube aligncenter wp-block-embed is-type-video is-provider-youtube wp-embed-aspect-16-9 wp-has-aspect-ratio\"><div class=\"wp-block-embed__wrapper\">\n<iframe loading=\"lazy\" title=\"VERSTAPPEN \u00c9 POLE, NORRIS \u00c9 2\u00b0, HAMILTON \u00c9 4\u00b0 NO GP DA \u00c1USTRIA DE F1 | Briefing\" width=\"500\" height=\"281\" src=\"https:\/\/www.youtube.com\/embed\/-zeI1GYhlqA?feature=oembed\" frameborder=\"0\" allow=\"accelerometer; autoplay; clipboard-write; encrypted-media; gyroscope; picture-in-picture; web-share\" referrerpolicy=\"strict-origin-when-cross-origin\" allowfullscreen><\/iframe>\n<\/div><\/figure>\n\n\n\n<p class=\"wp-block-paragraph\">A McLaren experimentou neste s\u00e1bado (3) uma laranja doce e outra azeda na classifica\u00e7\u00e3o para o <strong><a aria-label=\"undefined (opens in a new tab)\" href=\"https:\/\/www.grandepremio.com\/br\/f1\/noticias\/max-verstappen-garante-festa-mar-laranja-brilha-pole-gp-da-austria-lando-norris-segundo\/\" target=\"_blank\" rel=\"noreferrer noopener\">GP da \u00c1ustria de F\u00f3rmula 1<\/a><\/strong>. Se Lando Norris fez o segundo melhor tempo, atr\u00e1s apenas de Max Verstappen, o dono da casa no Red Bull Ring; Daniel Ricciardo deu mostras mais uma vez de que n\u00e3o est\u00e1 nada \u00e0 vontade e levou outro baile do companheiro de equipe.<\/p>\n\n\n\n<p class=\"wp-block-paragraph\">A largada para a nona eta do Mundial acontece neste domingo, \u00e0s 10 horas (de Bras\u00edlia), com <strong><a href=\"https:\/\/www.grandepremio.com\/br\/ao-vivo\/f1\/\" target=\"_blank\" aria-label=\"undefined (opens in a new tab)\" rel=\"noreferrer noopener\">ao vivo e tempo real<\/a><\/strong> do <strong>GRANDE PR\u00caMIO<\/strong>.<\/p>\n\n\n\n<figure class=\"wp-block-embed-twitter aligncenter wp-block-embed is-type-rich is-provider-twitter\"><div class=\"wp-block-embed__wrapper\">\n<blockquote class=\"twitter-tweet\" data-width=\"500\" data-dnt=\"true\"><p lang=\"en\" dir=\"ltr\">What a qualifying session! <a href=\"https:\/\/x.com\/hashtag\/AustrianGP?src=hash&amp;ref_src=twsrc%5Etfw\">#AustrianGP<\/a> \ud83c\udde6\ud83c\uddf9 <a href=\"https:\/\/x.com\/hashtag\/F1?src=hash&amp;ref_src=twsrc%5Etfw\">#F1<\/a> <a href=\"https:\/\/t.co\/l0er0ZLFad\">pic.twitter.com\/l0er0ZLFad<\/a><\/p>&mdash; Formula 1 (@F1) <a href=\"https:\/\/x.com\/F1\/status\/1411326793366360073?ref_src=twsrc%5Etfw\">July 3, 2021<\/a><\/blockquote><script async src=\"https:\/\/platform.x.com\/widgets.js\" charset=\"utf-8\"><\/script>\n<\/div><\/figure>\n\n\n\n<p class=\"wp-block-paragraph\">Norris talvez tenha feita at\u00e9 um pouco mais do que a McLaren esperava, com 0s048 de diferen\u00e7a para Verstappen, com 1min03s720 \u2014 as Mercedes, por exemplo, sair\u00e3o da quarta e da quinta coloca\u00e7\u00e3o com Lewis Hamilton e Valtteri Bottas. Nem por isso, Ricciardo poderia acabar a sess\u00e3o ainda no Q2, com 1min04s719 e, pior do que isso, repetir a p\u00e9ssima 13\u00aa coloca\u00e7\u00e3o, j\u00e1 que essa foi a posi\u00e7\u00e3o dele tamb\u00e9m no GP da Est\u00edria.<\/p>\n\n\n\n<p class=\"wp-block-paragraph\">Uma prova de que as coisas est\u00e3o bem ruins para o #3 \u00e9 que essa foi a quarta vez em nove classifica\u00e7\u00f5es que ele sequer avan\u00e7ou para o Q3. A percep\u00e7\u00e3o \u00e9 que o australiano andou para tr\u00e1s, j\u00e1 que as melhores posi\u00e7\u00f5es de largada foram os sexto lugar do Bahrein e da Em\u00edlia Romanha, nas duas primeiras provas do ano. A partir do meio do grid, tudo fica mais dif\u00edcil para um bom resultado na corrida e, tamb\u00e9m por isso, os resultados n\u00e3o aparecem facilmente.<\/p>\n\n\n\n<div class=\"wp-block-image\"><figure class=\"aligncenter size-large\"><img decoding=\"async\" src=\"https:\/\/www.grandepremio.com\/br\/wp-content\/uploads\/2022\/05\/E5YDv3PWEAQjcQJ.jpeg\" alt=\"Lando Norris, McLaren,\" class=\"wp-image-6559\" \/><figcaption>Norris foi para o Q3 em todas as nove sess\u00f5es de classifica\u00e7\u00e3o na F1 2021 (Foto: Reprodu\u00e7\u00e3o\/Twitter\/@McLarenF1)<\/figcaption><\/figure><\/div>\n\n\n\n<p class=\"wp-block-paragraph\">Em princ\u00edpio, mesmo o chefe de equipe, Zak Brown, tratou de ignorar a m\u00e1 coloca\u00e7\u00e3o de Ricciardo, com quem tamb\u00e9m tem muito carinho, para comemorar a conquista do pupilo. Em sua conta no Twitter, Brown chegou a definir Norris como \u201co cara\u201d e, depois, em entrevista, disse que o time \u201cest\u00e1 no caminho certo\u201d.<\/p>\n\n\n\n<p class=\"wp-block-paragraph\">A expectativa era que tr\u00eas semanas seguidas de corrida (Fran\u00e7a, Est\u00edria e \u00c1ustria) dessem ao hoje nem t\u00e3o sorridente piloto um pouco mais de manha do carro. Rec\u00e9m-chegado \u00e0 equipe, era natural que ele tivesse dificuldade no come\u00e7o. Os pontos ruins, no entanto, s\u00e3o tr\u00eas: n\u00e3o era para demorar tanto para se adaptar, n\u00e3o era para andar t\u00e3o mal assim e, por \u00faltimo, e a\u00ed, longe de qualquer culpa, n\u00e3o era para o companheiro de equipe brilhar tanto.<\/p>\n\n\n\n<figure class=\"wp-block-embed-twitter aligncenter wp-block-embed is-type-rich is-provider-twitter\"><div class=\"wp-block-embed__wrapper\">\n<blockquote class=\"twitter-tweet\" data-width=\"500\" data-dnt=\"true\"><p lang=\"en\" dir=\"ltr\">Laaaaannndddddoooo.  The dude! <a href=\"https:\/\/t.co\/f3G2pS605J\">https:\/\/t.co\/f3G2pS605J<\/a><\/p>&mdash; Zak Brown (@ZBrownCEO) <a href=\"https:\/\/x.com\/ZBrownCEO\/status\/1411325663018106881?ref_src=twsrc%5Etfw\">July 3, 2021<\/a><\/blockquote><script async src=\"https:\/\/platform.x.com\/widgets.js\" charset=\"utf-8\"><\/script>\n<\/div><\/figure>\n\n\n\n<p class=\"wp-block-paragraph\">Evidentemente que Norris n\u00e3o tem nada a ver com isso e fez a sua parte. O jovem piloto, que pontuou em absolutamente todas as corridas at\u00e9 aqui e que sempre avan\u00e7ou para a parte decisiva da classifica\u00e7\u00e3o, aproveitou o mar de incentivo a Max e colocou o seu carro igualmente laranja na primeira fila. Assim que saltou do MCL35M, empurrado por motor Mercedes, \u00e9 bom que se diga, <strong><a href=\"https:\/\/www.grandepremio.com\/br\/f1\/noticias\/lando-norris-vibra-com-2o-no-grid-da-austria-e-fala-em-sensacao-adoravel-foi-epico\/\" target=\"_blank\" aria-label=\"undefined (opens in a new tab)\" rel=\"noreferrer noopener\">o #4 sim era s\u00f3 sorriso na entrevista oficial<\/a><\/strong>.<\/p>\n\n\n\n<p class=\"wp-block-paragraph\">\u201cAcho que foi \u00e9pico. Isso \u00e9 legal\u201d, come\u00e7ou o ingl\u00eas de 21 anos. \u201cFoi provavelmente uma das melhores voltas que fiz na vida, o que p\u00f5e a gente em uma \u00f3tima posi\u00e7\u00e3o para este domingo.\u201d&nbsp;<\/p>\n\n\n\n<p class=\"wp-block-paragraph\">Do outro lado da garagem, Ricciardo, experiente aos 31 anos, sabe que tem muito a melhorar. Nenhum piloto com sete vit\u00f3rias na categoria pode ser desprezado, tampouco est\u00e1 livre de cr\u00edticas.<\/p>\n\n\n\n<h2 class=\"wp-block-heading\">Leia mais:<\/h2>\n\n\n\n<p class=\"wp-block-paragraph\">+ <strong><a aria-label=\"undefined (opens in a new tab)\" href=\"https:\/\/grandepremium.grandepremio.com\/br\/lado-a-lado\/f1\/materias\/max-verstappen-x-nico-rosberg\/\" target=\"_blank\" rel=\"noreferrer noopener\">Max Verstappen x Nico Rosberg<\/a><\/strong><\/p>\n\n\n\n<p class=\"wp-block-paragraph\">+ <strong><a href=\"https:\/\/grandepremium.grandepremio.com\/br\/ranking-gp\/f1\/materias\/as-notas-do-gp-da-estiria-de-2021\/\" target=\"_blank\" aria-label=\"undefined (opens in a new tab)\" rel=\"noreferrer noopener\">As notas do GP da Est\u00edria<\/a><\/strong><\/p>\n","protected":false},"excerpt":{"rendered":"<p>Norris largar\u00e1 na 2\u00aa posi\u00e7\u00e3o para o GP da \u00c1ustria, enquanto Ricciardo sair\u00e1 da 13\u00aa coloca\u00e7\u00e3o; essa \u00e9 quarta vez em nove etapas que o australiano sequer avan\u00e7a ao Q3, mas agora levando um verdadeiro baile do companheiro<\/p>\n","protected":false},"author":0,"featured_media":1000571703,"template":"","meta":{"42wp_featured_image_caption":"","42wp_featured_image_credits":"","42wp_featured_video":"","42wp_featured_image_hidden":false,"42wp_authors_list":[],"footnotes":""},"categories":[2],"tags":[],"42wp_author":[47126],"class_list":["post-626","42wp_premium","type-42wp_premium","status-publish","has-post-thumbnail","hentry","category-f1","42wp_author-andre-avelar"],"_links":{"self":[{"href":"https:\/\/grandepremio.com\/br\/wp-json\/wp\/v2\/42wp_premium\/626","targetHints":{"allow":["GET"]}}],"collection":[{"href":"https:\/\/grandepremio.com\/br\/wp-json\/wp\/v2\/42wp_premium"}],"about":[{"href":"https:\/\/grandepremio.com\/br\/wp-json\/wp\/v2\/types\/42wp_premium"}],"version-history":[{"count":0,"href":"https:\/\/grandepremio.com\/br\/wp-json\/wp\/v2\/42wp_premium\/626\/revisions"}],"wp:featuredmedia":[{"embeddable":true,"href":"https:\/\/grandepremio.com\/br\/wp-json\/wp\/v2\/media\/1000571703"}],"wp:attachment":[{"href":"https:\/\/grandepremio.com\/br\/wp-json\/wp\/v2\/media?parent=626"}],"wp:term":[{"taxonomy":"category","embeddable":true,"href":"https:\/\/grandepremio.com\/br\/wp-json\/wp\/v2\/categories?post=626"},{"taxonomy":"post_tag","embeddable":true,"href":"https:\/\/grandepremio.com\/br\/wp-json\/wp\/v2\/tags?post=626"},{"taxonomy":"42wp_author","embeddable":true,"href":"https:\/\/grandepremio.com\/br\/wp-json\/wp\/v2\/42wp_author?post=626"}],"curies":[{"name":"wp","href":"https:\/\/api.w.org\/{rel}","templated":true}]}}