{"id":730,"date":"2020-12-07T06:00:37","date_gmt":"2020-12-07T09:00:37","guid":{"rendered":"https:\/\/grandepremio.com\/br\/grandepremium\/materias\/sergio-perez-vitoria-sakhir\/"},"modified":"2022-05-19T16:57:17","modified_gmt":"2022-05-19T19:57:17","slug":"sergio-perez-vitoria-sakhir","status":"publish","type":"42wp_premium","link":"https:\/\/grandepremio.com\/br\/grandepremium\/f1\/materias\/sergio-perez-vitoria-sakhir\/","title":{"rendered":"O mundo n\u00e3o gira, ele capota"},"content":{"rendered":"\n<p class=\"wp-block-paragraph\">O t\u00edtulo desta an\u00e1lise \u00e9 um meme que ficou bem popular na internet brasileira &#8211; e virou at\u00e9 m\u00fasica. A frase, claro, encaixa como uma luva para o automobilismo. E eu diria mais: encaixa tamb\u00e9m de forma perfeita para Sergio P\u00e9rez, que venceu a primeira corrida na carreira neste domingo (6), no GP de Sakhir, na 190\u00aa largada do mexicano na F\u00f3rmula 1.<\/p>\n\n\n\n<p class=\"wp-block-paragraph\">&#8216;Checo&#8217;, como \u00e9 conhecido, vem de um pa\u00eds com certa tradi\u00e7\u00e3o no automobilismo, mas de poucas grandes conquistas na F1. O M\u00e9xico sediou por muitos anos uma etapa do mundial &#8211; e est\u00e1 previsto para retornar ao calend\u00e1rio em 2021. Al\u00e9m disso, foi o lar dos hermanos Ricardo e Pedro Rodr\u00edguez. Mas eram apenas duas vit\u00f3rias na categoria m\u00e1xima do automobilismo, as duas de Pedro &#8211; que, como o irm\u00e3o, morreu prematuramente.<\/p>\n\n\n\n<div class=\"wp-block-image\"><figure class=\"aligncenter size-large\"><img decoding=\"async\" src=\"https:\/\/grandepremium.com.br\/wp-content\/uploads\/2020\/12\/Perez-Sakhir-1024x682.jpg\" alt=\"Sergio P\u00e9rez e a bandeira do M\u00e9xico\" class=\"wp-image-5242\" \/><figcaption>&#8216;Checo&#8217; P\u00e9rez comemorando a primeira vit\u00f3ria na F1 &#8211; e a terceira na hist\u00f3ria de um piloto mexicano (Foto: Twitter \/ @SChecoPerez)<\/figcaption><\/figure><\/div>\n\n\n\n<p class=\"wp-block-paragraph\"><strong>Conhe\u00e7a o canal do Grande Pr\u00eamio no YouTube! Clique&nbsp;<a rel=\"noreferrer noopener\" href=\"https:\/\/youtube.com\/GrandePremioTV\" target=\"_blank\">aqui<\/a>.<br>Siga o Grande Pr\u00eamio no&nbsp;<a rel=\"noreferrer noopener\" href=\"https:\/\/twitter.com\/grandepremio\" target=\"_blank\">Twitter&nbsp;<\/a>e no&nbsp;<a rel=\"noreferrer noopener\" href=\"https:\/\/instagram.com\/grandepremio\" target=\"_blank\">Instagram<\/a>!<\/strong><\/p>\n\n\n\n<p class=\"wp-block-paragraph\">Natural de Guadalajara, P\u00e9rez teve como maior resultado na carreira um vice-campeonato na GP2, atual F\u00f3rmula 2, em 2010 &#8211; mesmo ano em que entrou para a Academia de Pilotos da Ferrari. Estreou na F1 em 2011, pela Sauber &#8211; ajudado pela parceria da equipe su\u00ed\u00e7a com a Scuderia, e tamb\u00e9m pelo dinheiro da Am\u00e9rica M\u00f3vil, do multimilion\u00e1rio Carlos Slim. <\/p>\n\n\n\n<p class=\"wp-block-paragraph\">O come\u00e7o foi muito bom.<\/p>\n\n\n\n<p class=\"wp-block-paragraph\">A Sauber vinha do fim do casamento com a BMW e a equipe estava em frangalhos. Mesmo assim, o mexicano conseguia eventualmente surgir l\u00e1 na frente do pelot\u00e3o no meio das provas, al\u00e9m de conseguir beliscar alguns pontos. <\/p>\n\n\n\n<p class=\"wp-block-paragraph\">Em 2012, &#8216;Checo&#8217; chegou a liderar corrida e teve tr\u00eas p\u00f3dios.  O auge foi no GP da Mal\u00e1sia, quando era segundo nas voltas finais e descontava a vantagem do l\u00edder, Fernando Alonso, mas a press\u00e3o da equipe a falta de experi\u00eancia o fizeram errar. A essa altura j\u00e1 se falava no mexicano pilotando pela Ferrari. O lugar no carro vermelho n\u00e3o veio, mas chegou um outro convite de um time de primeiro escal\u00e3o: a McLaren &#8211; substituindo ningu\u00e9m menos que Lewis Hamilton.<\/p>\n\n\n\n<p class=\"wp-block-paragraph\">Deu tudo errado.<\/p>\n\n\n\n<p class=\"wp-block-paragraph\">Ningu\u00e9m sabia ainda, mas 2013 representava o come\u00e7o do fundo do po\u00e7o da McLaren. J\u00e1 no fim da gest\u00e3o de Ron Dennis, a equipe de Woking estava perdida tecnicamente e esportivamente. O resultado disso era um desempenho ruim dos carros prateados, al\u00e9m de muitos erros do mexicano. <\/p>\n\n\n\n<div class=\"wp-block-image\"><figure class=\"aligncenter size-large\"><img decoding=\"async\" src=\"https:\/\/grandepremium.com.br\/wp-content\/uploads\/2020\/12\/Racing-Point-Perez-Sakhir-1024x683.jpg\" alt=\"\" class=\"wp-image-5243\" \/><figcaption>P\u00e9rez batalhou muito antes de estacionar o carro na P1 (Foto: Twitter \/ Racing Point)<\/figcaption><\/figure><\/div>\n\n\n\n<p class=\"has-background has-very-light-gray-background-color wp-block-paragraph\"><strong>Siga o GRANDE PR\u00caMIO nas redes sociais:<br><a href=\"https:\/\/youtube.com\/GrandePremioTV\" target=\"_blank\" rel=\"noreferrer noopener\">YouTube<\/a>&nbsp;|&nbsp;<a href=\"https:\/\/facebook.com\/grandepremio\" target=\"_blank\" rel=\"noreferrer noopener\">Facebook<\/a>&nbsp;|&nbsp;<a rel=\"noreferrer noopener\" href=\"https:\/\/twitter.com\/grandepremio\" target=\"_blank\">Twitter&nbsp;<\/a>|&nbsp;<a rel=\"noreferrer noopener\" href=\"https:\/\/instagram.com\/grandepremio\" target=\"_blank\">Instagram<\/a>&nbsp;|&nbsp;<a href=\"https:\/\/pinterest.com\/grandepremio\" target=\"_blank\" rel=\"noreferrer noopener\">Pinterest<\/a>&nbsp;|&nbsp;<a href=\"http:\/\/twitch.com\/grandepremio\" target=\"_blank\" rel=\"noreferrer noopener\">Twitch<\/a>&nbsp;|&nbsp;<a href=\"https:\/\/dailymotion.com\/grandepremio\" target=\"_blank\" rel=\"noreferrer noopener\">DailyMotion<\/a><\/strong><\/p>\n\n\n\n<p class=\"wp-block-paragraph\">Por\u00e9m, de fora, poucos sabiam o que acontecia entre os muros de Woking. Ao mundo, ficou a vis\u00e3o de que &#8216;Checo&#8217; n\u00e3o aguentou a press\u00e3o. Acabou mandado embora depois de apenas um ano no time ingl\u00eas. <\/p>\n\n\n\n<p class=\"wp-block-paragraph\">P\u00e9rez ent\u00e3o ganhou uma segunda chance na Force India, ajudado pelo patroc\u00ednio da Am\u00e9rica M\u00f3vil. A partir da\u00ed, come\u00e7ou um momento de reconstru\u00e7\u00e3o e amadurecimento de &#8216;Checo&#8217;.<\/p>\n\n\n\n<p class=\"wp-block-paragraph\">Aos poucos, o n\u00famero de erros foi diminuindo e, quando o carro permitia, foi conquistando bons resultados. Ele teve um p\u00f3dio em 2014, outro em 2015, mais dois em 2016. Em 2017 a crise financeira e pol\u00edtica da Force India come\u00e7ou a bater forte, e o mexicano passou em branco. Outro p\u00f3dio aconteceu em 2018, quando a equipe indiana faliu de vez e ressurgiu como Racing Point. <\/p>\n\n\n\n<p class=\"wp-block-paragraph\">O ano de 2019 foi mais um de reconstru\u00e7\u00e3o &#8211; a nova Racing Point perdeu espa\u00e7o na F1 justamente pela falta de desenvolvimento no ano anterior. Nenhum p\u00f3dio e ficou a sensa\u00e7\u00e3o de que o timing para Sergio P\u00e9rez se tornar um piloto vencedor da categoria havia passado.<\/p>\n\n\n\n<p class=\"wp-block-paragraph\">Veio ent\u00e3o 2020. Com um carro que \u00e9 praticamente uma c\u00f3pia da Mercedes de 2019, a Racing Point surgia como um time que poderia brigar pelo posto de &#8220;melhor do resto&#8221; na F1. S\u00f3 que a temporada, quando finalmente come\u00e7ou por causa da pandemia, mostrou outra coisa. Os carros cor-de-rosa s\u00e3o bons, mas nem tanto. O primeiro p\u00f3dio do mexicano s\u00f3 veio na 14\u00aa etapa, com um segundo lugar na Turquia.<\/p>\n\n\n\n<div class=\"wp-block-image\"><figure class=\"aligncenter size-large\"><img decoding=\"async\" src=\"https:\/\/grandepremium.com.br\/wp-content\/uploads\/2020\/12\/Perez-Sakhir-p\u00f3dio-1024x683.jpg\" alt=\"Sergio P\u00e9rez chora no p\u00f3dio\" class=\"wp-image-5244\" \/><figcaption>O choro do al\u00edvio (Foto: Twitter \/ @F1)<\/figcaption><\/figure><\/div>\n\n\n\n<p class=\"wp-block-paragraph\">Foi ent\u00e3o que &#8216;Checo&#8217; P\u00e9rez recebeu o recado: o seu contrato n\u00e3o seria renovado. A Racing Point, que em 2021 ser\u00e1 a Aston Martin, preferiu contar com o tetracampe\u00e3o Sebastian Vettel ao lado de Lance Stroll, literalmente o filho do dono. Com poucas op\u00e7\u00f5es para 2021, o mexicano passou a lutar por um lugar na Red Bull, mas, convenhamos, estava bem dif\u00edcil conseguir.<\/p>\n\n\n\n<p class=\"wp-block-paragraph\">Esse seria um fim melanc\u00f3lico para Sergio P\u00e9rez: uma carreira que tinha potencial, mas que ficou pelo caminho. Pior: at\u00e9 ent\u00e3o com 189 largadas, entraria para a hist\u00f3ria como o segundo piloto com maior n\u00famero de GPs sem nunca ter vencido na F1, atr\u00e1s apenas de Andrea de Cesaris. <\/p>\n\n\n\n<p class=\"wp-block-paragraph\">E a\u00ed aconteceu o GP de Sakhir. Hamilton com Covid-19, os erros da Mercedes, uma pilotagem incr\u00edvel. Chegou a estar em 18\u00ba e \u00faltimo na pista no final da primeira volta, mas venceu. Sergio P\u00e9rez venceu.<\/p>\n\n\n\n<p class=\"wp-block-paragraph\">Veio o choro, o p\u00f3dio, a bandeira, o hino do M\u00e9xico. N\u00e3o importa o que acontecer\u00e1 daqui em diante. Se vier um lugar para correr na F1 em 2021, \u00f3timo. Se n\u00e3o vier, tudo valeu a pena, &#8216;Checo&#8217;. <\/p>\n\n\n\n<p class=\"wp-block-paragraph\">Valeu a pena. <\/p>\n\n\n\n<figure class=\"wp-block-embed-twitter aligncenter wp-block-embed is-type-rich is-provider-twitter\"><div class=\"wp-block-embed__wrapper\">\n<blockquote class=\"twitter-tweet\" data-width=\"500\" data-dnt=\"true\"><p lang=\"en\" dir=\"ltr\">\u26a1\ufe0f The world reacts to <a href=\"https:\/\/x.com\/SChecoPerez?ref_src=twsrc%5Etfw\">@SChecoPerez<\/a>&#39;s brilliant maiden victory<a href=\"https:\/\/x.com\/hashtag\/SakhirGP?src=hash&amp;ref_src=twsrc%5Etfw\">#SakhirGP<\/a> \ud83c\udde7\ud83c\udded <a href=\"https:\/\/x.com\/hashtag\/F1?src=hash&amp;ref_src=twsrc%5Etfw\">#F1<\/a> <a href=\"https:\/\/t.co\/IQJtrwBmxr\">https:\/\/t.co\/IQJtrwBmxr<\/a><\/p>&mdash; Formula 1 (@F1) <a href=\"https:\/\/x.com\/F1\/status\/1335743325945683968?ref_src=twsrc%5Etfw\">December 7, 2020<\/a><\/blockquote><script async src=\"https:\/\/platform.x.com\/widgets.js\" charset=\"utf-8\"><\/script>\n<\/div><\/figure>\n\n\n\n<ul class=\"wp-block-list\"><li><strong>Leia tamb\u00e9m: <a aria-label=\"undefined (opens in a new tab)\" href=\"https:\/\/grandepremium.com.br\/analise\/f1\/materias\/bottas-mostrou-hamilton-se-faz-mais-do-que-necessario-para-mercedes\/\" target=\"_blank\" rel=\"noreferrer noopener\">Bottas mostrou que Hamilton se faz mais do que necess\u00e1rio para Mercedes<\/a><\/strong><\/li><\/ul>\n\n\n\n<figure class=\"wp-block-embed-youtube wp-block-embed is-type-video is-provider-youtube wp-embed-aspect-16-9 wp-has-aspect-ratio\"><div class=\"wp-block-embed__wrapper\">\n<iframe loading=\"lazy\" title=\"F1 2020: P\u00c9REZ VENCE! Tudo sobre o GP de Sakhir de F\u00f3rmula 1 | Briefing\" width=\"500\" height=\"281\" src=\"https:\/\/www.youtube.com\/embed\/-0_eKWGIzlk?feature=oembed\" frameborder=\"0\" allow=\"accelerometer; autoplay; clipboard-write; encrypted-media; gyroscope; picture-in-picture; web-share\" referrerpolicy=\"strict-origin-when-cross-origin\" allowfullscreen><\/iframe>\n<\/div><\/figure>\n","protected":false},"excerpt":{"rendered":"<p>A vit\u00f3ria de Sergio P\u00e9rez \u00e9 o \u00e1pice de uma carreira na F\u00f3rmula 1 cheia de altos e baixos, e que parecia que ia terminar sem uma \u00fanica grande conquista<\/p>\n","protected":false},"author":0,"featured_media":1000571810,"template":"","meta":{"42wp_featured_image_caption":"","42wp_featured_image_credits":"","42wp_featured_video":"","42wp_featured_image_hidden":false,"42wp_authors_list":[],"footnotes":""},"categories":[2],"tags":[26042],"42wp_author":[47127],"class_list":["post-730","42wp_premium","type-42wp_premium","status-publish","has-post-thumbnail","hentry","category-f1","tag-gp-de-sakhir","42wp_author-renan-martins-frade"],"_links":{"self":[{"href":"https:\/\/grandepremio.com\/br\/wp-json\/wp\/v2\/42wp_premium\/730","targetHints":{"allow":["GET"]}}],"collection":[{"href":"https:\/\/grandepremio.com\/br\/wp-json\/wp\/v2\/42wp_premium"}],"about":[{"href":"https:\/\/grandepremio.com\/br\/wp-json\/wp\/v2\/types\/42wp_premium"}],"version-history":[{"count":0,"href":"https:\/\/grandepremio.com\/br\/wp-json\/wp\/v2\/42wp_premium\/730\/revisions"}],"wp:featuredmedia":[{"embeddable":true,"href":"https:\/\/grandepremio.com\/br\/wp-json\/wp\/v2\/media\/1000571810"}],"wp:attachment":[{"href":"https:\/\/grandepremio.com\/br\/wp-json\/wp\/v2\/media?parent=730"}],"wp:term":[{"taxonomy":"category","embeddable":true,"href":"https:\/\/grandepremio.com\/br\/wp-json\/wp\/v2\/categories?post=730"},{"taxonomy":"post_tag","embeddable":true,"href":"https:\/\/grandepremio.com\/br\/wp-json\/wp\/v2\/tags?post=730"},{"taxonomy":"42wp_author","embeddable":true,"href":"https:\/\/grandepremio.com\/br\/wp-json\/wp\/v2\/42wp_author?post=730"}],"curies":[{"name":"wp","href":"https:\/\/api.w.org\/{rel}","templated":true}]}}